{"id":2041,"date":"2019-12-17T09:30:02","date_gmt":"2019-12-17T08:30:02","guid":{"rendered":"https:\/\/www.ataunturismoa.eus\/patrimonio\/la-mitologia-vasca-en-ataun\/"},"modified":"2023-10-24T19:26:17","modified_gmt":"2023-10-24T17:26:17","slug":"la-mitologia-vasca-en-ataun","status":"publish","type":"page","link":"https:\/\/www.ataunturismoa.eus\/es\/patrimonio\/la-mitologia-vasca-en-ataun\/","title":{"rendered":"La mitolog\u00eda vasca en Ataun"},"content":{"rendered":"\n<p>Proverbios antiguos como \u201c<em>Izena don guztie omen da\u2026<\/em>\u201d (Debe ser todo aquello con nombre) o \u201cDirenik ez da sinistu behar, ez direnik ez da esan behar\u00bb (No hay que creer que existan, no se debe decir que no existen) demuestran la creencia de los ataundarras en la mitolog\u00eda, ya que \u00e9sta es una cuesti\u00f3n con mucho peso en Ataun.<\/p>\n\n\n<div class=\"wp-block-image\">\n<figure class=\"alignleft\"><a href=\"https:\/\/www.ataunturismoa.eus\/wp-content\/uploads\/2019\/10\/ingurune-mitopoetikoa-160x120.jpg\"><img loading=\"lazy\" decoding=\"async\" width=\"160\" height=\"120\" src=\"https:\/\/www.ataunturismoa.eus\/wp-content\/uploads\/2019\/10\/ingurune-mitopoetikoa-160x120.jpg\" alt=\"\" class=\"wp-image-919\" srcset=\"https:\/\/www.ataunturismoa.eus\/wp-content\/uploads\/2019\/10\/ingurune-mitopoetikoa-160x120.jpg 160w, https:\/\/www.ataunturismoa.eus\/wp-content\/uploads\/2019\/10\/ingurune-mitopoetikoa-300x225.jpg 300w, https:\/\/www.ataunturismoa.eus\/wp-content\/uploads\/2019\/10\/ingurune-mitopoetikoa-768x576.jpg 768w, https:\/\/www.ataunturismoa.eus\/wp-content\/uploads\/2019\/10\/ingurune-mitopoetikoa.jpg 1024w\" sizes=\"auto, (max-width: 160px) 100vw, 160px\" \/><\/a><\/figure>\n<\/div>\n\n\n<p>El pueblo se dedica a la agricultura y la ganader\u00eda desde tiempo inmemorial y, en consecuencia, est\u00e1 a merced de la naturaleza. De esta forma, la leyenda ha sido siempre una herramienta para entender el entorno, afrontar procesos naturales y peligros o protegerse de los mismos; utilizada, en ausencia de otra explicaci\u00f3n, para tranquilizar o despabilar a la poblaci\u00f3n.<\/p>\n\n\n\n<p>Y el pueblo ofrece un entorno inmejorable para ello con sus montes, cuevas, d\u00f3lmenes y dem\u00e1s.&nbsp; Como parte de la tradici\u00f3n oral, en ocasiones las leyendas han permanecido inalteradas durante a\u00f1os, en otras sin embargo han sufrido muchos cambios por el boca a boca: cambio de nombre, ubicaci\u00f3n, etc\u2026 En consecuencia las leyendas son universales y locales al mismo tiempo. Y a la sombra de las nuevas tecnolog\u00edas y la industrializaci\u00f3n, al agotarse la costumbre de contarse historias en el trabajo comunal o en grupo, esta cuerda se ha roto pr\u00e1cticamente en casi todos los sitios.<\/p>\n\n\n\n<p>En Ataun, por el contrario, Joxemiel Barandiaran hizo un esfuerzo \u00edmprobo para que no fuera as\u00ed. Ofreci\u00f3 su tesoro al pueblo al pasar a papel la tradici\u00f3n oral, de forma que la creencia ancestral pudiera perdurar. Y gracias a ello conocemos muchas historias y rincones mitol\u00f3gicos de Ataun, que se dan a conocer todos los a\u00f1os a trav\u00e9s de la representaci\u00f3n de la Llegada de los Gentiles (Jentilen Etorrera) en las fiestas de San Mart\u00edn.<\/p>\n\n\n\n<h2 class=\"wp-block-heading\">JENTILEN ETORRERA \/ LLEGADA DE LOS GENTILES<\/h2>\n\n\n\n<figure class=\"wp-block-gallery has-nested-images columns-default is-cropped wp-block-gallery-1 is-layout-flex wp-block-gallery-is-layout-flex\">\n<figure class=\"wp-block-image size-large\"><img loading=\"lazy\" decoding=\"async\" width=\"1024\" height=\"412\" data-id=\"3639\" src=\"https:\/\/www.ataunturismoa.eus\/wp-content\/uploads\/2023\/08\/ikuskizun-berria-2-1024x412.jpg\" alt=\"\" class=\"wp-image-3639\" srcset=\"https:\/\/www.ataunturismoa.eus\/wp-content\/uploads\/2023\/08\/ikuskizun-berria-2-1024x412.jpg 1024w, https:\/\/www.ataunturismoa.eus\/wp-content\/uploads\/2023\/08\/ikuskizun-berria-2-300x121.jpg 300w, https:\/\/www.ataunturismoa.eus\/wp-content\/uploads\/2023\/08\/ikuskizun-berria-2-768x309.jpg 768w, https:\/\/www.ataunturismoa.eus\/wp-content\/uploads\/2023\/08\/ikuskizun-berria-2-500x201.jpg 500w, https:\/\/www.ataunturismoa.eus\/wp-content\/uploads\/2023\/08\/ikuskizun-berria-2-800x322.jpg 800w, https:\/\/www.ataunturismoa.eus\/wp-content\/uploads\/2023\/08\/ikuskizun-berria-2.jpg 1200w\" sizes=\"auto, (max-width: 1024px) 100vw, 1024px\" \/><\/figure>\n\n\n\n<figure class=\"wp-block-image size-large\"><img loading=\"lazy\" decoding=\"async\" width=\"678\" height=\"317\" data-id=\"3633\" src=\"https:\/\/www.ataunturismoa.eus\/wp-content\/uploads\/2023\/08\/JentilenEtorrera-2.jpg\" alt=\"\" class=\"wp-image-3633\" srcset=\"https:\/\/www.ataunturismoa.eus\/wp-content\/uploads\/2023\/08\/JentilenEtorrera-2.jpg 678w, https:\/\/www.ataunturismoa.eus\/wp-content\/uploads\/2023\/08\/JentilenEtorrera-2-300x140.jpg 300w, https:\/\/www.ataunturismoa.eus\/wp-content\/uploads\/2023\/08\/JentilenEtorrera-2-500x234.jpg 500w\" sizes=\"auto, (max-width: 678px) 100vw, 678px\" \/><\/figure>\n\n\n\n<figure class=\"wp-block-image size-large\"><img loading=\"lazy\" decoding=\"async\" width=\"1024\" height=\"490\" data-id=\"3638\" src=\"https:\/\/www.ataunturismoa.eus\/wp-content\/uploads\/2023\/08\/jentilen-etorrera-euskal-mitologia-1024x490-3.png\" alt=\"\" class=\"wp-image-3638\" srcset=\"https:\/\/www.ataunturismoa.eus\/wp-content\/uploads\/2023\/08\/jentilen-etorrera-euskal-mitologia-1024x490-3.png 1024w, https:\/\/www.ataunturismoa.eus\/wp-content\/uploads\/2023\/08\/jentilen-etorrera-euskal-mitologia-1024x490-3-300x144.png 300w, https:\/\/www.ataunturismoa.eus\/wp-content\/uploads\/2023\/08\/jentilen-etorrera-euskal-mitologia-1024x490-3-768x368.png 768w, https:\/\/www.ataunturismoa.eus\/wp-content\/uploads\/2023\/08\/jentilen-etorrera-euskal-mitologia-1024x490-3-500x239.png 500w, https:\/\/www.ataunturismoa.eus\/wp-content\/uploads\/2023\/08\/jentilen-etorrera-euskal-mitologia-1024x490-3-800x383.png 800w\" sizes=\"auto, (max-width: 1024px) 100vw, 1024px\" \/><\/figure>\n<\/figure>\n\n\n\n<p>\u201c<em>El mundo m\u00e1gico recopilado por Joxemiel Barandiaran, representado por ataundarras\u201d<\/em>.<\/p>\n\n\n\n<p>En eso consiste la llegada de los gentiles, tal y como define uno de sus creadores. Este proyecto que adopta como protagonistas a los Gentiles surgi\u00f3 en 1981 con el prop\u00f3sito de atraer gente a las fiestas del barrio de San Mart\u00edn. De hecho, frecuentemente se denomina \u00abgentiles\u00bb a los habitantes de Ataun y Aia y, adem\u00e1s, el pueblo est\u00e1 lleno de historias sobre gentiles. Pero \u00e9stos no son los \u00fanicos protagonistas: se\u00f1ores del bosque, brujas de Sanmartintxiki, lamias\u2026<\/p>\n\n\n\n<p>Cada a\u00f1o se cuenta una leyenda distinta ubicada en el entorno de Ataun, dando a conocer distintos protagonistas y sumiendo al pueblo en el mundo de la mitolog\u00eda. As\u00ed, han narrado por ejemplo la historia del \u00faltimo gentil, la de la s\u00e1bana dorada del caser\u00edo Agerre, la leyenda de Torto de Muski, el secreto del trigo, la historia de cuando la muchacha de Arbeldi cay\u00f3 en la cueva de Agaramunda y un largo etc\u00e9tera. El domingo de las fiestas de San Mart\u00edn (11 de noviembre), a las seis de la tarde, se encienden hogueras en el monte, se apaga el alumbrado p\u00fablico y comienza un espect\u00e1culo que une pasado y presente. Los gentiles han llegado al pueblo. De la plaza San Mart\u00edn salen el alcalde, el cura, y el alguacil en representaci\u00f3n del pueblo, con el pregonero a la cabeza, se juntan en Iztator con los gentiles, brujas y dem\u00e1s personajes que vienen de Jentilbaratza y representan el espect\u00e1culo en el polideportivo Auzoeta.<\/p>\n\n\n\n<h2 class=\"wp-block-heading\">GAU IBILALDI MITOLOGIKOAK<\/h2>\n\n\n\n<figure class=\"wp-block-gallery has-nested-images columns-default is-cropped wp-block-gallery-2 is-layout-flex wp-block-gallery-is-layout-flex\">\n<figure class=\"wp-block-image size-large\"><img loading=\"lazy\" decoding=\"async\" width=\"700\" height=\"327\" data-id=\"3649\" src=\"https:\/\/www.ataunturismoa.eus\/wp-content\/uploads\/2023\/08\/a-lamiak_gauez.jpg\" alt=\"\" class=\"wp-image-3649\" srcset=\"https:\/\/www.ataunturismoa.eus\/wp-content\/uploads\/2023\/08\/a-lamiak_gauez.jpg 700w, https:\/\/www.ataunturismoa.eus\/wp-content\/uploads\/2023\/08\/a-lamiak_gauez-300x140.jpg 300w, https:\/\/www.ataunturismoa.eus\/wp-content\/uploads\/2023\/08\/a-lamiak_gauez-500x234.jpg 500w\" sizes=\"auto, (max-width: 700px) 100vw, 700px\" \/><\/figure>\n\n\n\n<figure class=\"wp-block-image size-large\"><img loading=\"lazy\" decoding=\"async\" width=\"300\" height=\"200\" data-id=\"3648\" src=\"https:\/\/www.ataunturismoa.eus\/wp-content\/uploads\/2023\/08\/gau-ibilaldia-4-300x200-1.jpg\" alt=\"\" class=\"wp-image-3648\"\/><\/figure>\n\n\n\n<figure class=\"wp-block-image size-large\"><img loading=\"lazy\" decoding=\"async\" width=\"998\" height=\"646\" data-id=\"3658\" src=\"https:\/\/www.ataunturismoa.eus\/wp-content\/uploads\/2023\/08\/gau_ibilaldi_mitologikoa.png\" alt=\"\" class=\"wp-image-3658\" srcset=\"https:\/\/www.ataunturismoa.eus\/wp-content\/uploads\/2023\/08\/gau_ibilaldi_mitologikoa.png 998w, https:\/\/www.ataunturismoa.eus\/wp-content\/uploads\/2023\/08\/gau_ibilaldi_mitologikoa-300x194.png 300w, https:\/\/www.ataunturismoa.eus\/wp-content\/uploads\/2023\/08\/gau_ibilaldi_mitologikoa-768x497.png 768w, https:\/\/www.ataunturismoa.eus\/wp-content\/uploads\/2023\/08\/gau_ibilaldi_mitologikoa-500x324.png 500w, https:\/\/www.ataunturismoa.eus\/wp-content\/uploads\/2023\/08\/gau_ibilaldi_mitologikoa-800x518.png 800w\" sizes=\"auto, (max-width: 998px) 100vw, 998px\" \/><\/figure>\n<\/figure>\n\n\n\n<p>Nos adentramos en el coraz\u00f3n de Ataun y en la zona donde vivi\u00f3 Joxemiel Barandiaran.<\/p>\n\n\n\n<p>A lo largo del sendero nos acompa\u00f1ar\u00e1n personajes de la mitolog\u00eda vasca. Para ello, completaremos el recorrido entre el Museo Barandiaran y la plaza de San Mart\u00edn. Un fant\u00e1stico recorrido de 3 kil\u00f3metros lleno de sorpresas. Es un recorrido accesible para cualquier persona habituada a pasear en sendero.<\/p>\n\n\n\n<p class=\"linkGentilak\"><a href=\"https:\/\/jentilbaratza.eus\/\" target=\"_blank\" rel=\"noreferrer noopener\">Para comprar entradas y ver informaci\u00f3n sobre eventos entra en el portal de la Asociaci\u00f3n Jentilbaratza<\/a><\/p>\n\n\n\n<h2 class=\"wp-block-heading has-text-align-center\">LEYENDAS EN LAS RUTAS MITOL\u00d3GICAS<\/h2>\n\n\n\n<hr class=\"wp-block-separator has-text-color has-alpha-channel-opacity has-background\" style=\"background-color:#c23c13;color:#c23c13\"\/>\n\n\n\n<p class=\"has-text-align-center\"><strong class=\"laranja\"><strong class=\"laranja\">Ruta Barandiaran<\/strong><br><\/strong>Adentr\u00e1ndonos en la mitolog\u00eda de Ataun<\/p>\n\n\n<p>[bs-accordion type=\u00bbleyenda\u00bb id=\u00bb1514,1659,1660,1664,1665,1661&#8243; order=\u00bbASC\u00bb orderby=\u00bbid\u00bb  ]<\/p>\n\n\n\n<p class=\"has-text-align-center\"><strong class=\"laranja\"><strong class=\"laranja\"><strong class=\"laranja\">Ruta Berrenoa<\/strong><\/strong><br><\/strong>Siguiendo las huellas de las sorginas<\/p>\n\n\n<p>[bs-accordion type=\u00bbleyenda\u00bb id=\u00bb1663,1666&#8243; order=\u00bbASC\u00bb orderby=\u00bbid\u00bb  ]<\/p>\n\n\n\n<p class=\"has-text-align-center\"><strong class=\"laranja\">Ruta Jentilbaratza<br><\/strong>Los gentiles vigilan<\/p>\n\n\n<p>[bs-accordion type=\u00bbleyenda\u00bb id=\u00bb1667,1673,1679&#8243; order=\u00bbASC\u00bb orderby=\u00bbid\u00bb  ]<\/p>\n\n\n\n<p class=\"has-text-align-center\"><strong class=\"laranja\"><strong class=\"laranja\">Ruta Sarastarri<\/strong><br><\/strong>Los secretos de la cueva<\/p>\n\n\n<p>[bs-accordion type=\u00bbleyenda\u00bb id=\u00bb1685,1691,1697,1703&#8243; order=\u00bbASC\u00bb orderby=\u00bbid\u00bb  ]<\/p>\n\n\n\n<h2 class=\"wp-block-heading has-text-align-center\">LEYENDAS POR ATAUN<\/h2>\n\n\n<p>[bs-accordion type=\u00bbleyenda\u00bb id=\u00bb1938,1709,1715,1721,1727,1734,1735,1741,1747,1748,1754,1755,1761,1767,1768,1774,1780,1781,1782,1788,1794,1800,1806&#8243; order=\u00bbASC\u00bb orderby=\u00bbid\u00bb  ]<\/p>\n","protected":false},"excerpt":{"rendered":"<p>Proverbios antiguos como \u201cIzena don guztie omen da\u2026\u201d (Debe ser todo aquello con nombre) o \u201cDirenik ez da sinistu behar, ez direnik ez da esan behar\u00bb (No hay que creer que existan, no se debe decir que no existen) demuestran la creencia de los ataundarras en la mitolog\u00eda, ya que \u00e9sta es una cuesti\u00f3n con [&hellip;]<\/p>\n","protected":false},"author":4,"featured_media":0,"parent":1996,"menu_order":0,"comment_status":"closed","ping_status":"closed","template":"page-templates\/page-rigth.php","meta":{"footnotes":""},"class_list":["post-2041","page","type-page","status-publish","hentry"],"acf":[],"yoast_head":"<!-- This site is optimized with the Yoast SEO plugin v27.5 - https:\/\/yoast.com\/product\/yoast-seo-wordpress\/ -->\n<title>La mitolog\u00eda vasca en Ataun - Ataun Turismoa<\/title>\n<meta name=\"robots\" content=\"index, follow, max-snippet:-1, max-image-preview:large, max-video-preview:-1\" \/>\n<link rel=\"canonical\" href=\"https:\/\/www.ataunturismoa.eus\/es\/patrimonio\/la-mitologia-vasca-en-ataun\/\" \/>\n<meta property=\"og:locale\" content=\"es_ES\" \/>\n<meta property=\"og:type\" content=\"article\" \/>\n<meta property=\"og:title\" content=\"La mitolog\u00eda vasca en Ataun - Ataun Turismoa\" \/>\n<meta property=\"og:description\" content=\"Proverbios antiguos como \u201cIzena don guztie omen da\u2026\u201d (Debe ser todo aquello con nombre) o \u201cDirenik ez da sinistu behar, ez direnik ez da esan behar\u00bb (No hay que creer que existan, no se debe decir que no existen) demuestran la creencia de los ataundarras en la mitolog\u00eda, ya que \u00e9sta es una cuesti\u00f3n con [&hellip;]\" \/>\n<meta property=\"og:url\" content=\"https:\/\/www.ataunturismoa.eus\/es\/patrimonio\/la-mitologia-vasca-en-ataun\/\" \/>\n<meta property=\"og:site_name\" content=\"Ataun Turismoa\" \/>\n<meta property=\"article:modified_time\" content=\"2023-10-24T17:26:17+00:00\" \/>\n<meta property=\"og:image\" content=\"https:\/\/www.ataunturismoa.eus\/wp-content\/uploads\/2019\/10\/ingurune-mitopoetikoa-160x120.jpg\" \/>\n<meta name=\"twitter:card\" content=\"summary_large_image\" \/>\n<meta name=\"twitter:label1\" content=\"Tiempo de lectura\" \/>\n\t<meta name=\"twitter:data1\" content=\"6 minutos\" \/>\n<script type=\"application\/ld+json\" class=\"yoast-schema-graph\">{\"@context\":\"https:\\\/\\\/schema.org\",\"@graph\":[{\"@type\":\"WebPage\",\"@id\":\"https:\\\/\\\/www.ataunturismoa.eus\\\/es\\\/patrimonio\\\/la-mitologia-vasca-en-ataun\\\/\",\"url\":\"https:\\\/\\\/www.ataunturismoa.eus\\\/es\\\/patrimonio\\\/la-mitologia-vasca-en-ataun\\\/\",\"name\":\"La mitolog\u00eda vasca en Ataun - Ataun Turismoa\",\"isPartOf\":{\"@id\":\"https:\\\/\\\/www.ataunturismoa.eus\\\/eu\\\/#website\"},\"primaryImageOfPage\":{\"@id\":\"https:\\\/\\\/www.ataunturismoa.eus\\\/es\\\/patrimonio\\\/la-mitologia-vasca-en-ataun\\\/#primaryimage\"},\"image\":{\"@id\":\"https:\\\/\\\/www.ataunturismoa.eus\\\/es\\\/patrimonio\\\/la-mitologia-vasca-en-ataun\\\/#primaryimage\"},\"thumbnailUrl\":\"https:\\\/\\\/www.ataunturismoa.eus\\\/wp-content\\\/uploads\\\/2019\\\/10\\\/ingurune-mitopoetikoa-160x120.jpg\",\"datePublished\":\"2019-12-17T08:30:02+00:00\",\"dateModified\":\"2023-10-24T17:26:17+00:00\",\"breadcrumb\":{\"@id\":\"https:\\\/\\\/www.ataunturismoa.eus\\\/es\\\/patrimonio\\\/la-mitologia-vasca-en-ataun\\\/#breadcrumb\"},\"inLanguage\":\"es\",\"potentialAction\":[{\"@type\":\"ReadAction\",\"target\":[\"https:\\\/\\\/www.ataunturismoa.eus\\\/es\\\/patrimonio\\\/la-mitologia-vasca-en-ataun\\\/\"]}]},{\"@type\":\"ImageObject\",\"inLanguage\":\"es\",\"@id\":\"https:\\\/\\\/www.ataunturismoa.eus\\\/es\\\/patrimonio\\\/la-mitologia-vasca-en-ataun\\\/#primaryimage\",\"url\":\"https:\\\/\\\/www.ataunturismoa.eus\\\/wp-content\\\/uploads\\\/2019\\\/10\\\/ingurune-mitopoetikoa-160x120.jpg\",\"contentUrl\":\"https:\\\/\\\/www.ataunturismoa.eus\\\/wp-content\\\/uploads\\\/2019\\\/10\\\/ingurune-mitopoetikoa-160x120.jpg\"},{\"@type\":\"BreadcrumbList\",\"@id\":\"https:\\\/\\\/www.ataunturismoa.eus\\\/es\\\/patrimonio\\\/la-mitologia-vasca-en-ataun\\\/#breadcrumb\",\"itemListElement\":[{\"@type\":\"ListItem\",\"position\":1,\"name\":\"Inicio\",\"item\":\"https:\\\/\\\/www.ataunturismoa.eus\\\/es\\\/\"},{\"@type\":\"ListItem\",\"position\":2,\"name\":\"Patrimonio\",\"item\":\"https:\\\/\\\/www.ataunturismoa.eus\\\/es\\\/patrimonio\\\/\"},{\"@type\":\"ListItem\",\"position\":3,\"name\":\"La mitolog\u00eda vasca en Ataun\"}]},{\"@type\":\"WebSite\",\"@id\":\"https:\\\/\\\/www.ataunturismoa.eus\\\/eu\\\/#website\",\"url\":\"https:\\\/\\\/www.ataunturismoa.eus\\\/eu\\\/\",\"name\":\"Ataun Turismoa\",\"description\":\"\",\"potentialAction\":[{\"@type\":\"SearchAction\",\"target\":{\"@type\":\"EntryPoint\",\"urlTemplate\":\"https:\\\/\\\/www.ataunturismoa.eus\\\/eu\\\/?s={search_term_string}\"},\"query-input\":{\"@type\":\"PropertyValueSpecification\",\"valueRequired\":true,\"valueName\":\"search_term_string\"}}],\"inLanguage\":\"es\"}]}<\/script>\n<!-- \/ Yoast SEO plugin. -->","yoast_head_json":{"title":"La mitolog\u00eda vasca en Ataun - Ataun Turismoa","robots":{"index":"index","follow":"follow","max-snippet":"max-snippet:-1","max-image-preview":"max-image-preview:large","max-video-preview":"max-video-preview:-1"},"canonical":"https:\/\/www.ataunturismoa.eus\/es\/patrimonio\/la-mitologia-vasca-en-ataun\/","og_locale":"es_ES","og_type":"article","og_title":"La mitolog\u00eda vasca en Ataun - Ataun Turismoa","og_description":"Proverbios antiguos como \u201cIzena don guztie omen da\u2026\u201d (Debe ser todo aquello con nombre) o \u201cDirenik ez da sinistu behar, ez direnik ez da esan behar\u00bb (No hay que creer que existan, no se debe decir que no existen) demuestran la creencia de los ataundarras en la mitolog\u00eda, ya que \u00e9sta es una cuesti\u00f3n con [&hellip;]","og_url":"https:\/\/www.ataunturismoa.eus\/es\/patrimonio\/la-mitologia-vasca-en-ataun\/","og_site_name":"Ataun Turismoa","article_modified_time":"2023-10-24T17:26:17+00:00","og_image":[{"url":"https:\/\/www.ataunturismoa.eus\/wp-content\/uploads\/2019\/10\/ingurune-mitopoetikoa-160x120.jpg","type":"","width":"","height":""}],"twitter_card":"summary_large_image","twitter_misc":{"Tiempo de lectura":"6 minutos"},"schema":{"@context":"https:\/\/schema.org","@graph":[{"@type":"WebPage","@id":"https:\/\/www.ataunturismoa.eus\/es\/patrimonio\/la-mitologia-vasca-en-ataun\/","url":"https:\/\/www.ataunturismoa.eus\/es\/patrimonio\/la-mitologia-vasca-en-ataun\/","name":"La mitolog\u00eda vasca en Ataun - Ataun Turismoa","isPartOf":{"@id":"https:\/\/www.ataunturismoa.eus\/eu\/#website"},"primaryImageOfPage":{"@id":"https:\/\/www.ataunturismoa.eus\/es\/patrimonio\/la-mitologia-vasca-en-ataun\/#primaryimage"},"image":{"@id":"https:\/\/www.ataunturismoa.eus\/es\/patrimonio\/la-mitologia-vasca-en-ataun\/#primaryimage"},"thumbnailUrl":"https:\/\/www.ataunturismoa.eus\/wp-content\/uploads\/2019\/10\/ingurune-mitopoetikoa-160x120.jpg","datePublished":"2019-12-17T08:30:02+00:00","dateModified":"2023-10-24T17:26:17+00:00","breadcrumb":{"@id":"https:\/\/www.ataunturismoa.eus\/es\/patrimonio\/la-mitologia-vasca-en-ataun\/#breadcrumb"},"inLanguage":"es","potentialAction":[{"@type":"ReadAction","target":["https:\/\/www.ataunturismoa.eus\/es\/patrimonio\/la-mitologia-vasca-en-ataun\/"]}]},{"@type":"ImageObject","inLanguage":"es","@id":"https:\/\/www.ataunturismoa.eus\/es\/patrimonio\/la-mitologia-vasca-en-ataun\/#primaryimage","url":"https:\/\/www.ataunturismoa.eus\/wp-content\/uploads\/2019\/10\/ingurune-mitopoetikoa-160x120.jpg","contentUrl":"https:\/\/www.ataunturismoa.eus\/wp-content\/uploads\/2019\/10\/ingurune-mitopoetikoa-160x120.jpg"},{"@type":"BreadcrumbList","@id":"https:\/\/www.ataunturismoa.eus\/es\/patrimonio\/la-mitologia-vasca-en-ataun\/#breadcrumb","itemListElement":[{"@type":"ListItem","position":1,"name":"Inicio","item":"https:\/\/www.ataunturismoa.eus\/es\/"},{"@type":"ListItem","position":2,"name":"Patrimonio","item":"https:\/\/www.ataunturismoa.eus\/es\/patrimonio\/"},{"@type":"ListItem","position":3,"name":"La mitolog\u00eda vasca en Ataun"}]},{"@type":"WebSite","@id":"https:\/\/www.ataunturismoa.eus\/eu\/#website","url":"https:\/\/www.ataunturismoa.eus\/eu\/","name":"Ataun Turismoa","description":"","potentialAction":[{"@type":"SearchAction","target":{"@type":"EntryPoint","urlTemplate":"https:\/\/www.ataunturismoa.eus\/eu\/?s={search_term_string}"},"query-input":{"@type":"PropertyValueSpecification","valueRequired":true,"valueName":"search_term_string"}}],"inLanguage":"es"}]}},"_links":{"self":[{"href":"https:\/\/www.ataunturismoa.eus\/es\/wp-json\/wp\/v2\/pages\/2041","targetHints":{"allow":["GET"]}}],"collection":[{"href":"https:\/\/www.ataunturismoa.eus\/es\/wp-json\/wp\/v2\/pages"}],"about":[{"href":"https:\/\/www.ataunturismoa.eus\/es\/wp-json\/wp\/v2\/types\/page"}],"author":[{"embeddable":true,"href":"https:\/\/www.ataunturismoa.eus\/es\/wp-json\/wp\/v2\/users\/4"}],"replies":[{"embeddable":true,"href":"https:\/\/www.ataunturismoa.eus\/es\/wp-json\/wp\/v2\/comments?post=2041"}],"version-history":[{"count":11,"href":"https:\/\/www.ataunturismoa.eus\/es\/wp-json\/wp\/v2\/pages\/2041\/revisions"}],"predecessor-version":[{"id":4743,"href":"https:\/\/www.ataunturismoa.eus\/es\/wp-json\/wp\/v2\/pages\/2041\/revisions\/4743"}],"up":[{"embeddable":true,"href":"https:\/\/www.ataunturismoa.eus\/es\/wp-json\/wp\/v2\/pages\/1996"}],"wp:attachment":[{"href":"https:\/\/www.ataunturismoa.eus\/es\/wp-json\/wp\/v2\/media?parent=2041"}],"curies":[{"name":"wp","href":"https:\/\/api.w.org\/{rel}","templated":true}]}}