{"id":2020,"date":"2019-12-16T13:18:52","date_gmt":"2019-12-16T12:18:52","guid":{"rendered":"https:\/\/www.ataunturismoa.eus\/patrimonio\/organo-barroco-de-ataun-introduccion\/"},"modified":"2023-10-14T19:08:26","modified_gmt":"2023-10-14T17:08:26","slug":"organo-barroco-de-ataun-introduccion","status":"publish","type":"page","link":"https:\/\/www.ataunturismoa.eus\/es\/patrimonio\/organo-barroco-de-ataun\/organo-barroco-de-ataun-introduccion\/","title":{"rendered":"\u00d3rgano barroco de Ataun: Introducci\u00f3n"},"content":{"rendered":"\n<div class=\"wp-block-columns is-layout-flex wp-container-core-columns-is-layout-9d6595d7 wp-block-columns-is-layout-flex\">\n<div class=\"wp-block-column is-layout-flow wp-block-column-is-layout-flow\">\n<figure class=\"wp-block-image size-full\"><img loading=\"lazy\" decoding=\"async\" width=\"750\" height=\"1000\" src=\"https:\/\/www.ataunturismoa.eus\/wp-content\/uploads\/2023\/08\/sarrera-edited-1.jpg\" alt=\"\" class=\"wp-image-3678\" srcset=\"https:\/\/www.ataunturismoa.eus\/wp-content\/uploads\/2023\/08\/sarrera-edited-1.jpg 750w, https:\/\/www.ataunturismoa.eus\/wp-content\/uploads\/2023\/08\/sarrera-edited-1-225x300.jpg 225w, https:\/\/www.ataunturismoa.eus\/wp-content\/uploads\/2023\/08\/sarrera-edited-1-500x667.jpg 500w\" sizes=\"auto, (max-width: 750px) 100vw, 750px\" \/><\/figure>\n<\/div>\n\n\n\n<div class=\"wp-block-column is-layout-flow wp-block-column-is-layout-flow\">\n<p>El \u00f3rgano se halla emplazado en el coro de la iglesia; es de estilo barroco y m\u00e1s concretamente, del llamado \u00abbarroco ib\u00e9rico\u00bb. En Guip\u00fazcoa s\u00f3lo hay siete \u00f3rganos de similares caracter\u00edsticas y de ellos, el de Ataun es uno de los m\u00e1s importantes, un bell\u00edsimo ejemplar del apogeo sonoro de esta \u00e9poca.<\/p>\n\n\n\n<p>En el fondo del arca de viento hay una inscripci\u00f3n manuscrita sobre papel que dice:&nbsp;<em>\u00abeste \u00f3rgano trabajo Lorenzo de Arrazola el a\u00f1o 1761 Becino de la Villa de o\u00f1ate\u00bb<\/em>. Es decir, fue construido por un ilustre organero y en la \u00e9poca m\u00e1s l\u00facida del \u00f3rgano cl\u00e1sico o barroco ib\u00e9rico. El coste comprometido de la construcci\u00f3n fue de 12.000 reales.<\/p>\n\n\n\n<p>Los materiales utilizados para los elementos de madera fueron el nogal, casta\u00f1o y roble y, en menor medida, el pino; para otros elementos, el esta\u00f1o (ca\u00f1er\u00eda) y el hierro forjado.<\/p>\n\n\n\n<p>En el a\u00f1o 1992 el maestro restaurador Jose Maria Arrizabalaga tuvo ocasi\u00f3n de verificar el estado que presentaba el \u00f3rgano. En general, pudo comprobar que se hab\u00eda conservado en buenas condiciones (siendo de destacar el buen estado de la estructura de madera) y que ello se deb\u00eda, sobre todo, a la inherente y excelente calidad del propio \u00f3rgano. Sin embargo, todo eso no fue \u00f3bice para constatar la necesidad de restaurarlo (porque el transcurso del tiempo hab\u00eda dejado su inexorable huella) y con ese prop\u00f3sito, desmontaron este grandioso instrumento pieza por pieza y lo trasladaron hasta el taller que el citado experto tiene en Catalu\u00f1a (en la iglesia s\u00f3lo dejaron la caja vac\u00eda y el asiento del organista).<\/p>\n\n\n\n<p>Finalizadas las tareas de restauraci\u00f3n, el 11 de noviembre de 1996, festividad de San Mart\u00edn, se celebr\u00f3 en la iglesia un concierto (dentro del programa del XVII Festival Bach) que sirvi\u00f3 para que todos los amantes de este instrumento volvieran a escuchar c\u00f3mo las notas flu\u00edan de sus entra\u00f1as y sal\u00edan el exterior trasformadas en m\u00fasica.<\/p>\n<\/div>\n<\/div>\n","protected":false},"excerpt":{"rendered":"<p>El \u00f3rgano se halla emplazado en el coro de la iglesia; es de estilo barroco y m\u00e1s concretamente, del llamado \u00abbarroco ib\u00e9rico\u00bb. En Guip\u00fazcoa s\u00f3lo hay siete \u00f3rganos de similares caracter\u00edsticas y de ellos, el de Ataun es uno de los m\u00e1s importantes, un bell\u00edsimo ejemplar del apogeo sonoro de esta \u00e9poca. En el fondo [&hellip;]<\/p>\n","protected":false},"author":4,"featured_media":0,"parent":4715,"menu_order":0,"comment_status":"closed","ping_status":"closed","template":"page-templates\/page-rigth.php","meta":{"footnotes":""},"class_list":["post-2020","page","type-page","status-publish","hentry"],"acf":[],"yoast_head":"<!-- This site is optimized with the Yoast SEO plugin v27.5 - https:\/\/yoast.com\/product\/yoast-seo-wordpress\/ -->\n<title>\u00d3rgano barroco de Ataun: Introducci\u00f3n - Ataun Turismoa<\/title>\n<meta name=\"robots\" content=\"index, follow, max-snippet:-1, max-image-preview:large, max-video-preview:-1\" \/>\n<link rel=\"canonical\" href=\"https:\/\/www.ataunturismoa.eus\/es\/patrimonio\/organo-barroco-de-ataun\/organo-barroco-de-ataun-introduccion\/\" \/>\n<meta property=\"og:locale\" content=\"es_ES\" \/>\n<meta property=\"og:type\" content=\"article\" \/>\n<meta property=\"og:title\" content=\"\u00d3rgano barroco de Ataun: Introducci\u00f3n - Ataun Turismoa\" \/>\n<meta property=\"og:description\" content=\"El \u00f3rgano se halla emplazado en el coro de la iglesia; es de estilo barroco y m\u00e1s concretamente, del llamado \u00abbarroco ib\u00e9rico\u00bb. En Guip\u00fazcoa s\u00f3lo hay siete \u00f3rganos de similares caracter\u00edsticas y de ellos, el de Ataun es uno de los m\u00e1s importantes, un bell\u00edsimo ejemplar del apogeo sonoro de esta \u00e9poca. En el fondo [&hellip;]\" \/>\n<meta property=\"og:url\" content=\"https:\/\/www.ataunturismoa.eus\/es\/patrimonio\/organo-barroco-de-ataun\/organo-barroco-de-ataun-introduccion\/\" \/>\n<meta property=\"og:site_name\" content=\"Ataun Turismoa\" \/>\n<meta property=\"article:modified_time\" content=\"2023-10-14T17:08:26+00:00\" \/>\n<meta property=\"og:image\" content=\"https:\/\/www.ataunturismoa.eus\/wp-content\/uploads\/2023\/08\/sarrera-edited-1.jpg\" \/>\n<meta name=\"twitter:card\" content=\"summary_large_image\" \/>\n<meta name=\"twitter:label1\" content=\"Tiempo de lectura\" \/>\n\t<meta name=\"twitter:data1\" content=\"2 minutos\" \/>\n<script type=\"application\/ld+json\" class=\"yoast-schema-graph\">{\"@context\":\"https:\\\/\\\/schema.org\",\"@graph\":[{\"@type\":\"WebPage\",\"@id\":\"https:\\\/\\\/www.ataunturismoa.eus\\\/es\\\/patrimonio\\\/organo-barroco-de-ataun\\\/organo-barroco-de-ataun-introduccion\\\/\",\"url\":\"https:\\\/\\\/www.ataunturismoa.eus\\\/es\\\/patrimonio\\\/organo-barroco-de-ataun\\\/organo-barroco-de-ataun-introduccion\\\/\",\"name\":\"\u00d3rgano barroco de Ataun: Introducci\u00f3n - Ataun Turismoa\",\"isPartOf\":{\"@id\":\"https:\\\/\\\/www.ataunturismoa.eus\\\/eu\\\/#website\"},\"primaryImageOfPage\":{\"@id\":\"https:\\\/\\\/www.ataunturismoa.eus\\\/es\\\/patrimonio\\\/organo-barroco-de-ataun\\\/organo-barroco-de-ataun-introduccion\\\/#primaryimage\"},\"image\":{\"@id\":\"https:\\\/\\\/www.ataunturismoa.eus\\\/es\\\/patrimonio\\\/organo-barroco-de-ataun\\\/organo-barroco-de-ataun-introduccion\\\/#primaryimage\"},\"thumbnailUrl\":\"https:\\\/\\\/www.ataunturismoa.eus\\\/wp-content\\\/uploads\\\/2023\\\/08\\\/sarrera-edited-1.jpg\",\"datePublished\":\"2019-12-16T12:18:52+00:00\",\"dateModified\":\"2023-10-14T17:08:26+00:00\",\"breadcrumb\":{\"@id\":\"https:\\\/\\\/www.ataunturismoa.eus\\\/es\\\/patrimonio\\\/organo-barroco-de-ataun\\\/organo-barroco-de-ataun-introduccion\\\/#breadcrumb\"},\"inLanguage\":\"es\",\"potentialAction\":[{\"@type\":\"ReadAction\",\"target\":[\"https:\\\/\\\/www.ataunturismoa.eus\\\/es\\\/patrimonio\\\/organo-barroco-de-ataun\\\/organo-barroco-de-ataun-introduccion\\\/\"]}]},{\"@type\":\"ImageObject\",\"inLanguage\":\"es\",\"@id\":\"https:\\\/\\\/www.ataunturismoa.eus\\\/es\\\/patrimonio\\\/organo-barroco-de-ataun\\\/organo-barroco-de-ataun-introduccion\\\/#primaryimage\",\"url\":\"https:\\\/\\\/www.ataunturismoa.eus\\\/wp-content\\\/uploads\\\/2023\\\/08\\\/sarrera-edited-1.jpg\",\"contentUrl\":\"https:\\\/\\\/www.ataunturismoa.eus\\\/wp-content\\\/uploads\\\/2023\\\/08\\\/sarrera-edited-1.jpg\"},{\"@type\":\"BreadcrumbList\",\"@id\":\"https:\\\/\\\/www.ataunturismoa.eus\\\/es\\\/patrimonio\\\/organo-barroco-de-ataun\\\/organo-barroco-de-ataun-introduccion\\\/#breadcrumb\",\"itemListElement\":[{\"@type\":\"ListItem\",\"position\":1,\"name\":\"Inicio\",\"item\":\"https:\\\/\\\/www.ataunturismoa.eus\\\/es\\\/\"},{\"@type\":\"ListItem\",\"position\":2,\"name\":\"Patrimonio\",\"item\":\"https:\\\/\\\/www.ataunturismoa.eus\\\/es\\\/patrimonio\\\/\"},{\"@type\":\"ListItem\",\"position\":3,\"name\":\"\u00d3rgano barroco de Ataun\",\"item\":\"https:\\\/\\\/www.ataunturismoa.eus\\\/patrimonio\\\/organo-barroco-de-ataun\\\/\"},{\"@type\":\"ListItem\",\"position\":4,\"name\":\"\u00d3rgano barroco de Ataun: Introducci\u00f3n\"}]},{\"@type\":\"WebSite\",\"@id\":\"https:\\\/\\\/www.ataunturismoa.eus\\\/eu\\\/#website\",\"url\":\"https:\\\/\\\/www.ataunturismoa.eus\\\/eu\\\/\",\"name\":\"Ataun Turismoa\",\"description\":\"\",\"potentialAction\":[{\"@type\":\"SearchAction\",\"target\":{\"@type\":\"EntryPoint\",\"urlTemplate\":\"https:\\\/\\\/www.ataunturismoa.eus\\\/eu\\\/?s={search_term_string}\"},\"query-input\":{\"@type\":\"PropertyValueSpecification\",\"valueRequired\":true,\"valueName\":\"search_term_string\"}}],\"inLanguage\":\"es\"}]}<\/script>\n<!-- \/ Yoast SEO plugin. -->","yoast_head_json":{"title":"\u00d3rgano barroco de Ataun: Introducci\u00f3n - Ataun Turismoa","robots":{"index":"index","follow":"follow","max-snippet":"max-snippet:-1","max-image-preview":"max-image-preview:large","max-video-preview":"max-video-preview:-1"},"canonical":"https:\/\/www.ataunturismoa.eus\/es\/patrimonio\/organo-barroco-de-ataun\/organo-barroco-de-ataun-introduccion\/","og_locale":"es_ES","og_type":"article","og_title":"\u00d3rgano barroco de Ataun: Introducci\u00f3n - Ataun Turismoa","og_description":"El \u00f3rgano se halla emplazado en el coro de la iglesia; es de estilo barroco y m\u00e1s concretamente, del llamado \u00abbarroco ib\u00e9rico\u00bb. En Guip\u00fazcoa s\u00f3lo hay siete \u00f3rganos de similares caracter\u00edsticas y de ellos, el de Ataun es uno de los m\u00e1s importantes, un bell\u00edsimo ejemplar del apogeo sonoro de esta \u00e9poca. En el fondo [&hellip;]","og_url":"https:\/\/www.ataunturismoa.eus\/es\/patrimonio\/organo-barroco-de-ataun\/organo-barroco-de-ataun-introduccion\/","og_site_name":"Ataun Turismoa","article_modified_time":"2023-10-14T17:08:26+00:00","og_image":[{"url":"https:\/\/www.ataunturismoa.eus\/wp-content\/uploads\/2023\/08\/sarrera-edited-1.jpg","type":"","width":"","height":""}],"twitter_card":"summary_large_image","twitter_misc":{"Tiempo de lectura":"2 minutos"},"schema":{"@context":"https:\/\/schema.org","@graph":[{"@type":"WebPage","@id":"https:\/\/www.ataunturismoa.eus\/es\/patrimonio\/organo-barroco-de-ataun\/organo-barroco-de-ataun-introduccion\/","url":"https:\/\/www.ataunturismoa.eus\/es\/patrimonio\/organo-barroco-de-ataun\/organo-barroco-de-ataun-introduccion\/","name":"\u00d3rgano barroco de Ataun: Introducci\u00f3n - Ataun Turismoa","isPartOf":{"@id":"https:\/\/www.ataunturismoa.eus\/eu\/#website"},"primaryImageOfPage":{"@id":"https:\/\/www.ataunturismoa.eus\/es\/patrimonio\/organo-barroco-de-ataun\/organo-barroco-de-ataun-introduccion\/#primaryimage"},"image":{"@id":"https:\/\/www.ataunturismoa.eus\/es\/patrimonio\/organo-barroco-de-ataun\/organo-barroco-de-ataun-introduccion\/#primaryimage"},"thumbnailUrl":"https:\/\/www.ataunturismoa.eus\/wp-content\/uploads\/2023\/08\/sarrera-edited-1.jpg","datePublished":"2019-12-16T12:18:52+00:00","dateModified":"2023-10-14T17:08:26+00:00","breadcrumb":{"@id":"https:\/\/www.ataunturismoa.eus\/es\/patrimonio\/organo-barroco-de-ataun\/organo-barroco-de-ataun-introduccion\/#breadcrumb"},"inLanguage":"es","potentialAction":[{"@type":"ReadAction","target":["https:\/\/www.ataunturismoa.eus\/es\/patrimonio\/organo-barroco-de-ataun\/organo-barroco-de-ataun-introduccion\/"]}]},{"@type":"ImageObject","inLanguage":"es","@id":"https:\/\/www.ataunturismoa.eus\/es\/patrimonio\/organo-barroco-de-ataun\/organo-barroco-de-ataun-introduccion\/#primaryimage","url":"https:\/\/www.ataunturismoa.eus\/wp-content\/uploads\/2023\/08\/sarrera-edited-1.jpg","contentUrl":"https:\/\/www.ataunturismoa.eus\/wp-content\/uploads\/2023\/08\/sarrera-edited-1.jpg"},{"@type":"BreadcrumbList","@id":"https:\/\/www.ataunturismoa.eus\/es\/patrimonio\/organo-barroco-de-ataun\/organo-barroco-de-ataun-introduccion\/#breadcrumb","itemListElement":[{"@type":"ListItem","position":1,"name":"Inicio","item":"https:\/\/www.ataunturismoa.eus\/es\/"},{"@type":"ListItem","position":2,"name":"Patrimonio","item":"https:\/\/www.ataunturismoa.eus\/es\/patrimonio\/"},{"@type":"ListItem","position":3,"name":"\u00d3rgano barroco de Ataun","item":"https:\/\/www.ataunturismoa.eus\/patrimonio\/organo-barroco-de-ataun\/"},{"@type":"ListItem","position":4,"name":"\u00d3rgano barroco de Ataun: Introducci\u00f3n"}]},{"@type":"WebSite","@id":"https:\/\/www.ataunturismoa.eus\/eu\/#website","url":"https:\/\/www.ataunturismoa.eus\/eu\/","name":"Ataun Turismoa","description":"","potentialAction":[{"@type":"SearchAction","target":{"@type":"EntryPoint","urlTemplate":"https:\/\/www.ataunturismoa.eus\/eu\/?s={search_term_string}"},"query-input":{"@type":"PropertyValueSpecification","valueRequired":true,"valueName":"search_term_string"}}],"inLanguage":"es"}]}},"_links":{"self":[{"href":"https:\/\/www.ataunturismoa.eus\/es\/wp-json\/wp\/v2\/pages\/2020","targetHints":{"allow":["GET"]}}],"collection":[{"href":"https:\/\/www.ataunturismoa.eus\/es\/wp-json\/wp\/v2\/pages"}],"about":[{"href":"https:\/\/www.ataunturismoa.eus\/es\/wp-json\/wp\/v2\/types\/page"}],"author":[{"embeddable":true,"href":"https:\/\/www.ataunturismoa.eus\/es\/wp-json\/wp\/v2\/users\/4"}],"replies":[{"embeddable":true,"href":"https:\/\/www.ataunturismoa.eus\/es\/wp-json\/wp\/v2\/comments?post=2020"}],"version-history":[{"count":3,"href":"https:\/\/www.ataunturismoa.eus\/es\/wp-json\/wp\/v2\/pages\/2020\/revisions"}],"predecessor-version":[{"id":4739,"href":"https:\/\/www.ataunturismoa.eus\/es\/wp-json\/wp\/v2\/pages\/2020\/revisions\/4739"}],"up":[{"embeddable":true,"href":"https:\/\/www.ataunturismoa.eus\/es\/wp-json\/wp\/v2\/pages\/4715"}],"wp:attachment":[{"href":"https:\/\/www.ataunturismoa.eus\/es\/wp-json\/wp\/v2\/media?parent=2020"}],"curies":[{"name":"wp","href":"https:\/\/api.w.org\/{rel}","templated":true}]}}