{"id":5240,"date":"2024-01-05T11:47:19","date_gmt":"2024-01-05T10:47:19","guid":{"rendered":"https:\/\/www.ataunturismoa.eus\/museus\/centre-dinterpretacio-erroipe\/"},"modified":"2024-01-05T11:47:20","modified_gmt":"2024-01-05T10:47:20","slug":"centre-dinterpretacio-erroipe","status":"publish","type":"page","link":"https:\/\/www.ataunturismoa.eus\/ca\/museus\/centre-dinterpretacio-erroipe\/","title":{"rendered":"Centre d&#8217;interpretaci\u00f3 Erroipe"},"content":{"rendered":"\n<figure class=\"wp-block-embed is-type-video is-provider-youtube wp-block-embed-youtube wp-embed-aspect-16-9 wp-has-aspect-ratio\"><div class=\"wp-block-embed__wrapper\">\r\n<iframe loading=\"lazy\" title=\"ERROIPE INTERPRETAZIO ZENTROA\" width=\"640\" height=\"360\" src=\"https:\/\/www.youtube.com\/embed\/DKdR0XNlBII?feature=oembed\" frameborder=\"0\" allow=\"accelerometer; autoplay; clipboard-write; encrypted-media; gyroscope; picture-in-picture; web-share\" referrerpolicy=\"strict-origin-when-cross-origin\" allowfullscreen><\/iframe>\r\n<\/div><\/figure>\r\n\n<p>Es tracta d&#8217;un centre d&#8217;interpretaci\u00f3 creat per iniciativa popular en el barri Aia. Aquest projecte, posat en marxa en 2023, va n\u00e9ixer amb l&#8217;objectiu de donar a con\u00e8ixer els tresors del barri Aia en Ataun. En ell s&#8217;ofereixen diversos recursos per a donar a con\u00e8ixer el patrimoni de la zona.<\/p>\n\n<h3 class=\"wp-block-heading\"><strong>Aia<\/strong><\/h3>\n\n<p>Aia \u00e9s un tranquil barri situat en zona muntanyenca, el barri t\u00e9 un paisatge espectacular. Forma part del Parc Natural d&#8217;Aralar, en el vessant sud del Dom d&#8217;Ataun. La seva ubicaci\u00f3 converteix a Aia en un lloc privilegiat, ja que \u00e9s un lloc de gran valor paisatg\u00edstic i de patrimoni natural. Malgrat ser un barri de molt escassa poblaci\u00f3 conserva un ric patrimoni hist\u00f2ric-cultural.<\/p>\n\n<h3 class=\"wp-block-heading\"><strong>Qu\u00e8 podem veure?<\/strong><\/h3>\n\n<p>En el centre d&#8217;interpretaci\u00f3, d&#8217;una banda es dona a con\u00e8ixer la cultura i la hist\u00f2ria d&#8217;Aia i Ataun. En ell es recull informaci\u00f3 sobre l&#8217;origen del barri, la hist\u00f2ria dels caserius, l&#8217;evoluci\u00f3 de les antigues professions, la topon\u00edmia del barri, etc. Quant al patrimoni natural, es podran con\u00e8ixer tant els arbres i arbustos de la zona, aix\u00ed com contemplar imatges i v\u00eddeos de la fauna silvestre que habita al voltant. A m\u00e9s, s&#8217;ofereix informaci\u00f3 sobre les rutes per a con\u00e8ixer el lloc.<\/p>\n\n<div class=\"wp-block-columns is-layout-flex wp-container-core-columns-is-layout-9d6595d7 wp-block-columns-is-layout-flex\">\n<div class=\"wp-block-column is-layout-flow wp-block-column-is-layout-flow\">\n<h3 class=\"wp-block-heading\"><strong>Horari<\/strong><\/h3>\n\n\n\n<p>De dijous a dissabte de 10.00 a 14.00. Fora d&#8217;aquest horari, els grups poden visitar previ av\u00eds.<\/p>\n<\/div>\n\n\n\n<div class=\"wp-block-column is-layout-flow wp-block-column-is-layout-flow\">\n<h3 class=\"wp-block-heading\"><strong>Contacto<\/strong><\/h3>\n\n\n\n<p>Tel\u00e8fon: 943 06 19 63<\/p>\n\n\n\n<p>Correu electr\u00f2nic: <a href=\"mailto:erroipe@ataun.eus\">erroipe@ataun.eus<\/a><\/p>\n\n\n\n<p>Persona de contacte: Txema, Coordinador del centro de interpretaci\u00f3n de Aia<\/p>\n<\/div>\n<\/div>\n\n<figure class=\"wp-block-gallery has-nested-images columns-default is-cropped wp-block-gallery-1 is-layout-flex wp-block-gallery-is-layout-flex\">\n<figure class=\"wp-block-image size-large\"><img loading=\"lazy\" decoding=\"async\" width=\"1024\" height=\"766\" data-id=\"3139\" src=\"https:\/\/www.ataunturismoa.eus\/wp-content\/uploads\/2023\/07\/web_1685088507352-1024x766.jpg\" alt=\"\" class=\"wp-image-3139\" srcset=\"https:\/\/www.ataunturismoa.eus\/wp-content\/uploads\/2023\/07\/web_1685088507352-1024x766.jpg 1024w, https:\/\/www.ataunturismoa.eus\/wp-content\/uploads\/2023\/07\/web_1685088507352-300x224.jpg 300w, https:\/\/www.ataunturismoa.eus\/wp-content\/uploads\/2023\/07\/web_1685088507352-768x574.jpg 768w, https:\/\/www.ataunturismoa.eus\/wp-content\/uploads\/2023\/07\/web_1685088507352-500x374.jpg 500w, https:\/\/www.ataunturismoa.eus\/wp-content\/uploads\/2023\/07\/web_1685088507352-800x598.jpg 800w, https:\/\/www.ataunturismoa.eus\/wp-content\/uploads\/2023\/07\/web_1685088507352-1280x957.jpg 1280w, https:\/\/www.ataunturismoa.eus\/wp-content\/uploads\/2023\/07\/web_1685088507352.jpg 1444w\" sizes=\"auto, (max-width: 1024px) 100vw, 1024px\" \/><\/figure>\n\n\n\n<figure class=\"wp-block-image size-large\"><img loading=\"lazy\" decoding=\"async\" width=\"1024\" height=\"766\" data-id=\"3135\" src=\"https:\/\/www.ataunturismoa.eus\/wp-content\/uploads\/2023\/07\/web_1685088582231-1024x766.jpg\" alt=\"\" class=\"wp-image-3135\" srcset=\"https:\/\/www.ataunturismoa.eus\/wp-content\/uploads\/2023\/07\/web_1685088582231-1024x766.jpg 1024w, https:\/\/www.ataunturismoa.eus\/wp-content\/uploads\/2023\/07\/web_1685088582231-300x224.jpg 300w, https:\/\/www.ataunturismoa.eus\/wp-content\/uploads\/2023\/07\/web_1685088582231-768x574.jpg 768w, https:\/\/www.ataunturismoa.eus\/wp-content\/uploads\/2023\/07\/web_1685088582231-500x374.jpg 500w, https:\/\/www.ataunturismoa.eus\/wp-content\/uploads\/2023\/07\/web_1685088582231-800x598.jpg 800w, https:\/\/www.ataunturismoa.eus\/wp-content\/uploads\/2023\/07\/web_1685088582231-1280x957.jpg 1280w, https:\/\/www.ataunturismoa.eus\/wp-content\/uploads\/2023\/07\/web_1685088582231.jpg 1444w\" sizes=\"auto, (max-width: 1024px) 100vw, 1024px\" \/><\/figure>\n\n\n\n<figure class=\"wp-block-image size-large\"><img loading=\"lazy\" decoding=\"async\" width=\"1024\" height=\"766\" data-id=\"3145\" src=\"https:\/\/www.ataunturismoa.eus\/wp-content\/uploads\/2023\/07\/web_1685088631657-1024x766.jpg\" alt=\"\" class=\"wp-image-3145\" srcset=\"https:\/\/www.ataunturismoa.eus\/wp-content\/uploads\/2023\/07\/web_1685088631657-1024x766.jpg 1024w, https:\/\/www.ataunturismoa.eus\/wp-content\/uploads\/2023\/07\/web_1685088631657-300x224.jpg 300w, https:\/\/www.ataunturismoa.eus\/wp-content\/uploads\/2023\/07\/web_1685088631657-768x574.jpg 768w, https:\/\/www.ataunturismoa.eus\/wp-content\/uploads\/2023\/07\/web_1685088631657-500x374.jpg 500w, https:\/\/www.ataunturismoa.eus\/wp-content\/uploads\/2023\/07\/web_1685088631657-800x598.jpg 800w, https:\/\/www.ataunturismoa.eus\/wp-content\/uploads\/2023\/07\/web_1685088631657-1280x957.jpg 1280w, https:\/\/www.ataunturismoa.eus\/wp-content\/uploads\/2023\/07\/web_1685088631657.jpg 1444w\" sizes=\"auto, (max-width: 1024px) 100vw, 1024px\" \/><\/figure>\n\n\n\n<figure class=\"wp-block-image size-large\"><img loading=\"lazy\" decoding=\"async\" width=\"1024\" height=\"766\" data-id=\"3160\" src=\"https:\/\/www.ataunturismoa.eus\/wp-content\/uploads\/2023\/07\/web_1685088692713-1024x766.jpg\" alt=\"\" class=\"wp-image-3160\" srcset=\"https:\/\/www.ataunturismoa.eus\/wp-content\/uploads\/2023\/07\/web_1685088692713-1024x766.jpg 1024w, https:\/\/www.ataunturismoa.eus\/wp-content\/uploads\/2023\/07\/web_1685088692713-300x224.jpg 300w, https:\/\/www.ataunturismoa.eus\/wp-content\/uploads\/2023\/07\/web_1685088692713-768x574.jpg 768w, https:\/\/www.ataunturismoa.eus\/wp-content\/uploads\/2023\/07\/web_1685088692713-500x374.jpg 500w, https:\/\/www.ataunturismoa.eus\/wp-content\/uploads\/2023\/07\/web_1685088692713-800x598.jpg 800w, https:\/\/www.ataunturismoa.eus\/wp-content\/uploads\/2023\/07\/web_1685088692713-1280x957.jpg 1280w, https:\/\/www.ataunturismoa.eus\/wp-content\/uploads\/2023\/07\/web_1685088692713.jpg 1444w\" sizes=\"auto, (max-width: 1024px) 100vw, 1024px\" \/><\/figure>\n\n\n\n<figure class=\"wp-block-image size-large\"><img loading=\"lazy\" decoding=\"async\" width=\"1024\" height=\"766\" data-id=\"3149\" src=\"https:\/\/www.ataunturismoa.eus\/wp-content\/uploads\/2023\/07\/web_1685088731199-1024x766.jpg\" alt=\"\" class=\"wp-image-3149\" srcset=\"https:\/\/www.ataunturismoa.eus\/wp-content\/uploads\/2023\/07\/web_1685088731199-1024x766.jpg 1024w, https:\/\/www.ataunturismoa.eus\/wp-content\/uploads\/2023\/07\/web_1685088731199-300x224.jpg 300w, https:\/\/www.ataunturismoa.eus\/wp-content\/uploads\/2023\/07\/web_1685088731199-768x574.jpg 768w, https:\/\/www.ataunturismoa.eus\/wp-content\/uploads\/2023\/07\/web_1685088731199-500x374.jpg 500w, https:\/\/www.ataunturismoa.eus\/wp-content\/uploads\/2023\/07\/web_1685088731199-800x598.jpg 800w, https:\/\/www.ataunturismoa.eus\/wp-content\/uploads\/2023\/07\/web_1685088731199-1280x957.jpg 1280w, https:\/\/www.ataunturismoa.eus\/wp-content\/uploads\/2023\/07\/web_1685088731199.jpg 1444w\" sizes=\"auto, (max-width: 1024px) 100vw, 1024px\" \/><\/figure>\n\n\n\n<figure class=\"wp-block-image size-large\"><img loading=\"lazy\" decoding=\"async\" width=\"1024\" height=\"766\" data-id=\"3154\" src=\"https:\/\/www.ataunturismoa.eus\/wp-content\/uploads\/2023\/07\/web_1685088763432-1024x766.jpg\" alt=\"\" class=\"wp-image-3154\" srcset=\"https:\/\/www.ataunturismoa.eus\/wp-content\/uploads\/2023\/07\/web_1685088763432-1024x766.jpg 1024w, https:\/\/www.ataunturismoa.eus\/wp-content\/uploads\/2023\/07\/web_1685088763432-300x224.jpg 300w, https:\/\/www.ataunturismoa.eus\/wp-content\/uploads\/2023\/07\/web_1685088763432-768x574.jpg 768w, https:\/\/www.ataunturismoa.eus\/wp-content\/uploads\/2023\/07\/web_1685088763432-500x374.jpg 500w, https:\/\/www.ataunturismoa.eus\/wp-content\/uploads\/2023\/07\/web_1685088763432-800x598.jpg 800w, https:\/\/www.ataunturismoa.eus\/wp-content\/uploads\/2023\/07\/web_1685088763432-1280x957.jpg 1280w, https:\/\/www.ataunturismoa.eus\/wp-content\/uploads\/2023\/07\/web_1685088763432.jpg 1444w\" sizes=\"auto, (max-width: 1024px) 100vw, 1024px\" \/><\/figure>\n\n\n\n<figure class=\"wp-block-image size-large\"><img loading=\"lazy\" decoding=\"async\" width=\"1024\" height=\"766\" data-id=\"3148\" src=\"https:\/\/www.ataunturismoa.eus\/wp-content\/uploads\/2023\/07\/web_1685088814563-1024x766.jpg\" alt=\"\" class=\"wp-image-3148\" srcset=\"https:\/\/www.ataunturismoa.eus\/wp-content\/uploads\/2023\/07\/web_1685088814563-1024x766.jpg 1024w, https:\/\/www.ataunturismoa.eus\/wp-content\/uploads\/2023\/07\/web_1685088814563-300x224.jpg 300w, https:\/\/www.ataunturismoa.eus\/wp-content\/uploads\/2023\/07\/web_1685088814563-768x574.jpg 768w, https:\/\/www.ataunturismoa.eus\/wp-content\/uploads\/2023\/07\/web_1685088814563-500x374.jpg 500w, https:\/\/www.ataunturismoa.eus\/wp-content\/uploads\/2023\/07\/web_1685088814563-800x598.jpg 800w, https:\/\/www.ataunturismoa.eus\/wp-content\/uploads\/2023\/07\/web_1685088814563-1280x957.jpg 1280w, https:\/\/www.ataunturismoa.eus\/wp-content\/uploads\/2023\/07\/web_1685088814563.jpg 1444w\" sizes=\"auto, (max-width: 1024px) 100vw, 1024px\" \/><\/figure>\n\n\n\n<figure class=\"wp-block-image size-large\"><img loading=\"lazy\" decoding=\"async\" width=\"1024\" height=\"766\" data-id=\"3153\" src=\"https:\/\/www.ataunturismoa.eus\/wp-content\/uploads\/2023\/07\/web_1685089141037-1024x766.jpg\" alt=\"\" class=\"wp-image-3153\" srcset=\"https:\/\/www.ataunturismoa.eus\/wp-content\/uploads\/2023\/07\/web_1685089141037-1024x766.jpg 1024w, https:\/\/www.ataunturismoa.eus\/wp-content\/uploads\/2023\/07\/web_1685089141037-300x224.jpg 300w, https:\/\/www.ataunturismoa.eus\/wp-content\/uploads\/2023\/07\/web_1685089141037-768x574.jpg 768w, https:\/\/www.ataunturismoa.eus\/wp-content\/uploads\/2023\/07\/web_1685089141037-500x374.jpg 500w, https:\/\/www.ataunturismoa.eus\/wp-content\/uploads\/2023\/07\/web_1685089141037-800x598.jpg 800w, https:\/\/www.ataunturismoa.eus\/wp-content\/uploads\/2023\/07\/web_1685089141037-1280x957.jpg 1280w, https:\/\/www.ataunturismoa.eus\/wp-content\/uploads\/2023\/07\/web_1685089141037.jpg 1444w\" sizes=\"auto, (max-width: 1024px) 100vw, 1024px\" \/><\/figure>\n<\/figure>\n","protected":false},"excerpt":{"rendered":"<p>Es tracta d&#8217;un centre d&#8217;interpretaci\u00f3 creat per iniciativa popular en el barri Aia. Aquest projecte, posat en marxa en 2023, va n\u00e9ixer amb l&#8217;objectiu de donar a con\u00e8ixer els tresors del barri Aia en Ataun. En ell s&#8217;ofereixen diversos recursos per a donar a con\u00e8ixer el patrimoni de la zona. Aia Aia \u00e9s un tranquil [&hellip;]<\/p>\n","protected":false},"author":5,"featured_media":2916,"parent":5236,"menu_order":0,"comment_status":"closed","ping_status":"closed","template":"page-templates\/page-rigth-noimage.php","meta":{"footnotes":""},"class_list":["post-5240","page","type-page","status-publish","has-post-thumbnail","hentry"],"acf":[],"yoast_head":"<!-- This site is optimized with the Yoast SEO plugin v27.5 - https:\/\/yoast.com\/product\/yoast-seo-wordpress\/ -->\n<title>Centre d&#039;interpretaci\u00f3 Erroipe - Ataun Turismoa<\/title>\n<meta name=\"robots\" content=\"index, follow, max-snippet:-1, max-image-preview:large, max-video-preview:-1\" \/>\n<link rel=\"canonical\" href=\"https:\/\/www.ataunturismoa.eus\/ca\/museus\/centre-dinterpretacio-erroipe\/\" \/>\n<meta property=\"og:locale\" content=\"ca_ES\" \/>\n<meta property=\"og:type\" content=\"article\" \/>\n<meta property=\"og:title\" content=\"Centre d&#039;interpretaci\u00f3 Erroipe - Ataun Turismoa\" \/>\n<meta property=\"og:description\" content=\"Es tracta d&#8217;un centre d&#8217;interpretaci\u00f3 creat per iniciativa popular en el barri Aia. Aquest projecte, posat en marxa en 2023, va n\u00e9ixer amb l&#8217;objectiu de donar a con\u00e8ixer els tresors del barri Aia en Ataun. En ell s&#8217;ofereixen diversos recursos per a donar a con\u00e8ixer el patrimoni de la zona. Aia Aia \u00e9s un tranquil [&hellip;]\" \/>\n<meta property=\"og:url\" content=\"https:\/\/www.ataunturismoa.eus\/ca\/museus\/centre-dinterpretacio-erroipe\/\" \/>\n<meta property=\"og:site_name\" content=\"Ataun Turismoa\" \/>\n<meta property=\"article:modified_time\" content=\"2024-01-05T10:47:20+00:00\" \/>\n<meta property=\"og:image\" content=\"https:\/\/www.ataunturismoa.eus\/wp-content\/uploads\/2023\/06\/mod-top-1685088692713.jpg\" \/>\n\t<meta property=\"og:image:width\" content=\"1200\" \/>\n\t<meta property=\"og:image:height\" content=\"898\" \/>\n\t<meta property=\"og:image:type\" content=\"image\/jpeg\" \/>\n<meta name=\"twitter:card\" content=\"summary_large_image\" \/>\n<meta name=\"twitter:label1\" content=\"Temps estimat de lectura\" \/>\n\t<meta name=\"twitter:data1\" content=\"1 minut\" \/>\n<script type=\"application\/ld+json\" class=\"yoast-schema-graph\">{\"@context\":\"https:\\\/\\\/schema.org\",\"@graph\":[{\"@type\":\"WebPage\",\"@id\":\"https:\\\/\\\/www.ataunturismoa.eus\\\/ca\\\/museus\\\/centre-dinterpretacio-erroipe\\\/\",\"url\":\"https:\\\/\\\/www.ataunturismoa.eus\\\/ca\\\/museus\\\/centre-dinterpretacio-erroipe\\\/\",\"name\":\"Centre d'interpretaci\u00f3 Erroipe - Ataun Turismoa\",\"isPartOf\":{\"@id\":\"https:\\\/\\\/www.ataunturismoa.eus\\\/eu\\\/#website\"},\"primaryImageOfPage\":{\"@id\":\"https:\\\/\\\/www.ataunturismoa.eus\\\/ca\\\/museus\\\/centre-dinterpretacio-erroipe\\\/#primaryimage\"},\"image\":{\"@id\":\"https:\\\/\\\/www.ataunturismoa.eus\\\/ca\\\/museus\\\/centre-dinterpretacio-erroipe\\\/#primaryimage\"},\"thumbnailUrl\":\"https:\\\/\\\/www.ataunturismoa.eus\\\/wp-content\\\/uploads\\\/2023\\\/06\\\/mod-top-1685088692713.jpg\",\"datePublished\":\"2024-01-05T10:47:19+00:00\",\"dateModified\":\"2024-01-05T10:47:20+00:00\",\"breadcrumb\":{\"@id\":\"https:\\\/\\\/www.ataunturismoa.eus\\\/ca\\\/museus\\\/centre-dinterpretacio-erroipe\\\/#breadcrumb\"},\"inLanguage\":\"ca\",\"potentialAction\":[{\"@type\":\"ReadAction\",\"target\":[\"https:\\\/\\\/www.ataunturismoa.eus\\\/ca\\\/museus\\\/centre-dinterpretacio-erroipe\\\/\"]}]},{\"@type\":\"ImageObject\",\"inLanguage\":\"ca\",\"@id\":\"https:\\\/\\\/www.ataunturismoa.eus\\\/ca\\\/museus\\\/centre-dinterpretacio-erroipe\\\/#primaryimage\",\"url\":\"https:\\\/\\\/www.ataunturismoa.eus\\\/wp-content\\\/uploads\\\/2023\\\/06\\\/mod-top-1685088692713.jpg\",\"contentUrl\":\"https:\\\/\\\/www.ataunturismoa.eus\\\/wp-content\\\/uploads\\\/2023\\\/06\\\/mod-top-1685088692713.jpg\",\"width\":1200,\"height\":898},{\"@type\":\"BreadcrumbList\",\"@id\":\"https:\\\/\\\/www.ataunturismoa.eus\\\/ca\\\/museus\\\/centre-dinterpretacio-erroipe\\\/#breadcrumb\",\"itemListElement\":[{\"@type\":\"ListItem\",\"position\":1,\"name\":\"Inicio\",\"item\":\"https:\\\/\\\/www.ataunturismoa.eus\\\/ca\\\/\"},{\"@type\":\"ListItem\",\"position\":2,\"name\":\"Museus\",\"item\":\"https:\\\/\\\/www.ataunturismoa.eus\\\/ca\\\/museus\\\/\"},{\"@type\":\"ListItem\",\"position\":3,\"name\":\"Centre d&#8217;interpretaci\u00f3 Erroipe\"}]},{\"@type\":\"WebSite\",\"@id\":\"https:\\\/\\\/www.ataunturismoa.eus\\\/eu\\\/#website\",\"url\":\"https:\\\/\\\/www.ataunturismoa.eus\\\/eu\\\/\",\"name\":\"Ataun Turismoa\",\"description\":\"\",\"potentialAction\":[{\"@type\":\"SearchAction\",\"target\":{\"@type\":\"EntryPoint\",\"urlTemplate\":\"https:\\\/\\\/www.ataunturismoa.eus\\\/eu\\\/?s={search_term_string}\"},\"query-input\":{\"@type\":\"PropertyValueSpecification\",\"valueRequired\":true,\"valueName\":\"search_term_string\"}}],\"inLanguage\":\"ca\"}]}<\/script>\n<!-- \/ Yoast SEO plugin. -->","yoast_head_json":{"title":"Centre d'interpretaci\u00f3 Erroipe - Ataun Turismoa","robots":{"index":"index","follow":"follow","max-snippet":"max-snippet:-1","max-image-preview":"max-image-preview:large","max-video-preview":"max-video-preview:-1"},"canonical":"https:\/\/www.ataunturismoa.eus\/ca\/museus\/centre-dinterpretacio-erroipe\/","og_locale":"ca_ES","og_type":"article","og_title":"Centre d'interpretaci\u00f3 Erroipe - Ataun Turismoa","og_description":"Es tracta d&#8217;un centre d&#8217;interpretaci\u00f3 creat per iniciativa popular en el barri Aia. Aquest projecte, posat en marxa en 2023, va n\u00e9ixer amb l&#8217;objectiu de donar a con\u00e8ixer els tresors del barri Aia en Ataun. En ell s&#8217;ofereixen diversos recursos per a donar a con\u00e8ixer el patrimoni de la zona. Aia Aia \u00e9s un tranquil [&hellip;]","og_url":"https:\/\/www.ataunturismoa.eus\/ca\/museus\/centre-dinterpretacio-erroipe\/","og_site_name":"Ataun Turismoa","article_modified_time":"2024-01-05T10:47:20+00:00","og_image":[{"width":1200,"height":898,"url":"https:\/\/www.ataunturismoa.eus\/wp-content\/uploads\/2023\/06\/mod-top-1685088692713.jpg","type":"image\/jpeg"}],"twitter_card":"summary_large_image","twitter_misc":{"Temps estimat de lectura":"1 minut"},"schema":{"@context":"https:\/\/schema.org","@graph":[{"@type":"WebPage","@id":"https:\/\/www.ataunturismoa.eus\/ca\/museus\/centre-dinterpretacio-erroipe\/","url":"https:\/\/www.ataunturismoa.eus\/ca\/museus\/centre-dinterpretacio-erroipe\/","name":"Centre d'interpretaci\u00f3 Erroipe - Ataun Turismoa","isPartOf":{"@id":"https:\/\/www.ataunturismoa.eus\/eu\/#website"},"primaryImageOfPage":{"@id":"https:\/\/www.ataunturismoa.eus\/ca\/museus\/centre-dinterpretacio-erroipe\/#primaryimage"},"image":{"@id":"https:\/\/www.ataunturismoa.eus\/ca\/museus\/centre-dinterpretacio-erroipe\/#primaryimage"},"thumbnailUrl":"https:\/\/www.ataunturismoa.eus\/wp-content\/uploads\/2023\/06\/mod-top-1685088692713.jpg","datePublished":"2024-01-05T10:47:19+00:00","dateModified":"2024-01-05T10:47:20+00:00","breadcrumb":{"@id":"https:\/\/www.ataunturismoa.eus\/ca\/museus\/centre-dinterpretacio-erroipe\/#breadcrumb"},"inLanguage":"ca","potentialAction":[{"@type":"ReadAction","target":["https:\/\/www.ataunturismoa.eus\/ca\/museus\/centre-dinterpretacio-erroipe\/"]}]},{"@type":"ImageObject","inLanguage":"ca","@id":"https:\/\/www.ataunturismoa.eus\/ca\/museus\/centre-dinterpretacio-erroipe\/#primaryimage","url":"https:\/\/www.ataunturismoa.eus\/wp-content\/uploads\/2023\/06\/mod-top-1685088692713.jpg","contentUrl":"https:\/\/www.ataunturismoa.eus\/wp-content\/uploads\/2023\/06\/mod-top-1685088692713.jpg","width":1200,"height":898},{"@type":"BreadcrumbList","@id":"https:\/\/www.ataunturismoa.eus\/ca\/museus\/centre-dinterpretacio-erroipe\/#breadcrumb","itemListElement":[{"@type":"ListItem","position":1,"name":"Inicio","item":"https:\/\/www.ataunturismoa.eus\/ca\/"},{"@type":"ListItem","position":2,"name":"Museus","item":"https:\/\/www.ataunturismoa.eus\/ca\/museus\/"},{"@type":"ListItem","position":3,"name":"Centre d&#8217;interpretaci\u00f3 Erroipe"}]},{"@type":"WebSite","@id":"https:\/\/www.ataunturismoa.eus\/eu\/#website","url":"https:\/\/www.ataunturismoa.eus\/eu\/","name":"Ataun Turismoa","description":"","potentialAction":[{"@type":"SearchAction","target":{"@type":"EntryPoint","urlTemplate":"https:\/\/www.ataunturismoa.eus\/eu\/?s={search_term_string}"},"query-input":{"@type":"PropertyValueSpecification","valueRequired":true,"valueName":"search_term_string"}}],"inLanguage":"ca"}]}},"_links":{"self":[{"href":"https:\/\/www.ataunturismoa.eus\/ca\/wp-json\/wp\/v2\/pages\/5240","targetHints":{"allow":["GET"]}}],"collection":[{"href":"https:\/\/www.ataunturismoa.eus\/ca\/wp-json\/wp\/v2\/pages"}],"about":[{"href":"https:\/\/www.ataunturismoa.eus\/ca\/wp-json\/wp\/v2\/types\/page"}],"author":[{"embeddable":true,"href":"https:\/\/www.ataunturismoa.eus\/ca\/wp-json\/wp\/v2\/users\/5"}],"replies":[{"embeddable":true,"href":"https:\/\/www.ataunturismoa.eus\/ca\/wp-json\/wp\/v2\/comments?post=5240"}],"version-history":[{"count":1,"href":"https:\/\/www.ataunturismoa.eus\/ca\/wp-json\/wp\/v2\/pages\/5240\/revisions"}],"predecessor-version":[{"id":5241,"href":"https:\/\/www.ataunturismoa.eus\/ca\/wp-json\/wp\/v2\/pages\/5240\/revisions\/5241"}],"up":[{"embeddable":true,"href":"https:\/\/www.ataunturismoa.eus\/ca\/wp-json\/wp\/v2\/pages\/5236"}],"wp:featuredmedia":[{"embeddable":true,"href":"https:\/\/www.ataunturismoa.eus\/ca\/wp-json\/wp\/v2\/media\/2916"}],"wp:attachment":[{"href":"https:\/\/www.ataunturismoa.eus\/ca\/wp-json\/wp\/v2\/media?parent=5240"}],"curies":[{"name":"wp","href":"https:\/\/api.w.org\/{rel}","templated":true}]}}