{"id":5231,"date":"2024-01-05T09:24:03","date_gmt":"2024-01-05T08:24:03","guid":{"rendered":"https:\/\/www.ataunturismoa.eus\/patrimoni\/patrimoni-natural\/flora-i-fauna\/"},"modified":"2024-01-05T09:24:04","modified_gmt":"2024-01-05T08:24:04","slug":"flora-i-fauna","status":"publish","type":"page","link":"https:\/\/www.ataunturismoa.eus\/ca\/patrimoni\/patrimoni-natural\/flora-i-fauna\/","title":{"rendered":"Flora i fauna"},"content":{"rendered":"\n<p>Abunden les esp\u00e8cies de fauna i flora que es poden trobar en aquest relleu accidentat, replet de contrastos.<\/p>\n\n<p>Quant a la vegetaci\u00f3, les fagedes s\u00f3n els boscos amb major extensi\u00f3 en Ataun. Entre algunes zones del Dom, en la zona de Marumendi i en la zona que va de Lizarrusti a la muntanya Aitxu, s&#8217;arriba a aconseguir el 36% del municipi. En aquests boscos predomina el faig (Fagus sylvatica), encara que tamb\u00e9 s&#8217;alternen els teixos (Teix) i els gr\u00e8vols (Ilex aquifolium). At\u00e8s que gran part d&#8217;aquestes fagedes es localitzen en terrenys \u00e0cids que proporcionen les pedres sorrenques, es consideren h\u00e0bitats d&#8217;inter\u00e8s Europeu (fagedes acid\u00f2files atl\u00e0ntiques).<\/p>\n\n<p>Aix\u00ed mateix, l&#8217;alzinar cant\u00e0bric que es pot trobar tant en els marges del Dom com en algunes zones pr\u00f2ximes, \u00e9s un h\u00e0bitat d&#8217;inter\u00e8s Europeu. Aquests boscos dominats per l&#8217;alzina (Quercus ilex) no s\u00f3n caracter\u00edstics del vessant cant\u00e0bric, ja que l&#8217;alzinar \u00e9s una esp\u00e8cie de bosc mediterrani.<\/p>\n\n<p>A m\u00e9s, tamb\u00e9 es troben verns, rouredes i boscos mixtos entre zones rurals i zones de major altitud. En ells es troben nombroses esp\u00e8cies herb\u00e0cies, arbustives i arb\u00f2ries: ar\u00e7 blanc (Crataegus monogyna), ar\u00e7 negre (Prunus spinosa), til\u00b7la (Tilia platyphyllo), avellaner (Corylus avellana), cirerer (Prunus spinosa), freixe (Fraxo, Excel), etc.<\/p>\n\n<p>D&#8217;altra banda, tamb\u00e9 \u00e9s destacable el valor de les pastures, matolls i bruguerars situats tant en la zona muntanyenca com a les valls baixes, on es pot trobar una gran diversitat de flora. Per exemple, s\u00f3n espectaculars els narcisos (Narcissus asturiensis) que creixen en prats d&#8217;alta muntanya o les orqu\u00eddies de prats de sega com Anacamptis pyramidalis.<\/p>\n\n<p>La diversitat de vertebrats i invertebrats \u00e9s tamb\u00e9 important. Pel seu nivell de protecci\u00f3, els ocells i ratpenats constitueixen els grups m\u00e9s importants. Els cingles del Dom ofereixen una excel\u00b7lent protecci\u00f3 per a depredadors i carronyers com l&#8217;aufrany (Neophron percnopterus), el mussol real (Bubo bubo), el falc\u00f3 pelegr\u00ed (Falco peregrinus) i el voltor lleonat (Gyps fulvus). D&#8217;altra banda, tant en el medi rural com en les proximitats dels rierols \u00e9s habitual veure esp\u00e8cies com el mil\u00e0 vermell (Milvus milvus), la garsa (Ardea cinerea) o la merla aqu\u00e0tica (Cinclus cinclus).<\/p>\n\n<p>Tamb\u00e9 mereixen un esment especial els ratpenats que s&#8217;amaguen en les coves d&#8217;Ataun, en les escletxes dels cingles i arbres, i en els edificis. De les 27 esp\u00e8cies de ratpenats existents al Pa\u00eds Basc, almenys 16 esp\u00e8cies es poden trobar en diferents \u00e8poques de l&#8217;any en Ataun. Els m\u00e9s coneguts s\u00f3n el gran ratpenat de ferradura de les coves (Rhinolophus ferrumequinum) i el petit (Rhinolophus hipposideros), per\u00f2 tamb\u00e9 es pot trobar el ratpenat de bosc (Barbastella barbastellus) que es troba en perill d&#8217;extinci\u00f3 i que habita en els frondosos boscos d&#8217;Ataun.<\/p>\n\n<p>El riu Agauntza que travessa la localitat \u00e9s un lloc de gran valor per a la biodiversitat. Pel fet que en les \u00faltimes d\u00e8cades s&#8217;han perdut les poblacions de vis\u00f3 europeu (Mustela lutreola) i l\u2019almesquera (Galemys pyrenaicus), la protecci\u00f3 i millora del riu \u00e9s clau tant per a la recuperaci\u00f3 d&#8217;aquestes esp\u00e8cies com per a la protecci\u00f3 d&#8217;altres \u00e9ssers vius associats a aquests h\u00e0bitats com la truita (Salm trutta).<\/p>\n","protected":false},"excerpt":{"rendered":"<p>Abunden les esp\u00e8cies de fauna i flora que es poden trobar en aquest relleu accidentat, replet de contrastos. Quant a la vegetaci\u00f3, les fagedes s\u00f3n els boscos amb major extensi\u00f3 en Ataun. Entre algunes zones del Dom, en la zona de Marumendi i en la zona que va de Lizarrusti a la muntanya Aitxu, s&#8217;arriba [&hellip;]<\/p>\n","protected":false},"author":5,"featured_media":3588,"parent":2049,"menu_order":0,"comment_status":"closed","ping_status":"closed","template":"page-templates\/page-rigth.php","meta":{"footnotes":""},"class_list":["post-5231","page","type-page","status-publish","has-post-thumbnail","hentry"],"acf":[],"yoast_head":"<!-- This site is optimized with the Yoast SEO plugin v27.5 - https:\/\/yoast.com\/product\/yoast-seo-wordpress\/ -->\n<title>Flora i fauna - Ataun Turismoa<\/title>\n<meta name=\"robots\" content=\"index, follow, max-snippet:-1, max-image-preview:large, max-video-preview:-1\" \/>\n<link rel=\"canonical\" href=\"https:\/\/www.ataunturismoa.eus\/ca\/patrimoni\/patrimoni-natural\/flora-i-fauna\/\" \/>\n<meta property=\"og:locale\" content=\"ca_ES\" \/>\n<meta property=\"og:type\" content=\"article\" \/>\n<meta property=\"og:title\" content=\"Flora i fauna - Ataun Turismoa\" \/>\n<meta property=\"og:description\" content=\"Abunden les esp\u00e8cies de fauna i flora que es poden trobar en aquest relleu accidentat, replet de contrastos. Quant a la vegetaci\u00f3, les fagedes s\u00f3n els boscos amb major extensi\u00f3 en Ataun. Entre algunes zones del Dom, en la zona de Marumendi i en la zona que va de Lizarrusti a la muntanya Aitxu, s&#8217;arriba [&hellip;]\" \/>\n<meta property=\"og:url\" content=\"https:\/\/www.ataunturismoa.eus\/ca\/patrimoni\/patrimoni-natural\/flora-i-fauna\/\" \/>\n<meta property=\"og:site_name\" content=\"Ataun Turismoa\" \/>\n<meta property=\"article:modified_time\" content=\"2024-01-05T08:24:04+00:00\" \/>\n<meta property=\"og:image\" content=\"https:\/\/www.ataunturismoa.eus\/wp-content\/uploads\/2023\/08\/flora.jpeg\" \/>\n\t<meta property=\"og:image:width\" content=\"1200\" \/>\n\t<meta property=\"og:image:height\" content=\"675\" \/>\n\t<meta property=\"og:image:type\" content=\"image\/jpeg\" \/>\n<meta name=\"twitter:card\" content=\"summary_large_image\" \/>\n<meta name=\"twitter:label1\" content=\"Temps estimat de lectura\" \/>\n\t<meta name=\"twitter:data1\" content=\"3 minuts\" \/>\n<script type=\"application\/ld+json\" class=\"yoast-schema-graph\">{\"@context\":\"https:\\\/\\\/schema.org\",\"@graph\":[{\"@type\":\"WebPage\",\"@id\":\"https:\\\/\\\/www.ataunturismoa.eus\\\/ca\\\/patrimoni\\\/patrimoni-natural\\\/flora-i-fauna\\\/\",\"url\":\"https:\\\/\\\/www.ataunturismoa.eus\\\/ca\\\/patrimoni\\\/patrimoni-natural\\\/flora-i-fauna\\\/\",\"name\":\"Flora i fauna - Ataun Turismoa\",\"isPartOf\":{\"@id\":\"https:\\\/\\\/www.ataunturismoa.eus\\\/eu\\\/#website\"},\"primaryImageOfPage\":{\"@id\":\"https:\\\/\\\/www.ataunturismoa.eus\\\/ca\\\/patrimoni\\\/patrimoni-natural\\\/flora-i-fauna\\\/#primaryimage\"},\"image\":{\"@id\":\"https:\\\/\\\/www.ataunturismoa.eus\\\/ca\\\/patrimoni\\\/patrimoni-natural\\\/flora-i-fauna\\\/#primaryimage\"},\"thumbnailUrl\":\"https:\\\/\\\/www.ataunturismoa.eus\\\/wp-content\\\/uploads\\\/2023\\\/08\\\/flora.jpeg\",\"datePublished\":\"2024-01-05T08:24:03+00:00\",\"dateModified\":\"2024-01-05T08:24:04+00:00\",\"breadcrumb\":{\"@id\":\"https:\\\/\\\/www.ataunturismoa.eus\\\/ca\\\/patrimoni\\\/patrimoni-natural\\\/flora-i-fauna\\\/#breadcrumb\"},\"inLanguage\":\"ca\",\"potentialAction\":[{\"@type\":\"ReadAction\",\"target\":[\"https:\\\/\\\/www.ataunturismoa.eus\\\/ca\\\/patrimoni\\\/patrimoni-natural\\\/flora-i-fauna\\\/\"]}]},{\"@type\":\"ImageObject\",\"inLanguage\":\"ca\",\"@id\":\"https:\\\/\\\/www.ataunturismoa.eus\\\/ca\\\/patrimoni\\\/patrimoni-natural\\\/flora-i-fauna\\\/#primaryimage\",\"url\":\"https:\\\/\\\/www.ataunturismoa.eus\\\/wp-content\\\/uploads\\\/2023\\\/08\\\/flora.jpeg\",\"contentUrl\":\"https:\\\/\\\/www.ataunturismoa.eus\\\/wp-content\\\/uploads\\\/2023\\\/08\\\/flora.jpeg\",\"width\":1200,\"height\":675},{\"@type\":\"BreadcrumbList\",\"@id\":\"https:\\\/\\\/www.ataunturismoa.eus\\\/ca\\\/patrimoni\\\/patrimoni-natural\\\/flora-i-fauna\\\/#breadcrumb\",\"itemListElement\":[{\"@type\":\"ListItem\",\"position\":1,\"name\":\"Inicio\",\"item\":\"https:\\\/\\\/www.ataunturismoa.eus\\\/ca\\\/\"},{\"@type\":\"ListItem\",\"position\":2,\"name\":\"Patrimoni hist\u00f2ric\",\"item\":\"https:\\\/\\\/www.ataunturismoa.eus\\\/ca\\\/patrimoni\\\/\"},{\"@type\":\"ListItem\",\"position\":3,\"name\":\"Patrimoni natural\",\"item\":\"https:\\\/\\\/www.ataunturismoa.eus\\\/eu\\\/ondarea\\\/ondare-naturala\\\/\"},{\"@type\":\"ListItem\",\"position\":4,\"name\":\"Flora i fauna\"}]},{\"@type\":\"WebSite\",\"@id\":\"https:\\\/\\\/www.ataunturismoa.eus\\\/eu\\\/#website\",\"url\":\"https:\\\/\\\/www.ataunturismoa.eus\\\/eu\\\/\",\"name\":\"Ataun Turismoa\",\"description\":\"\",\"potentialAction\":[{\"@type\":\"SearchAction\",\"target\":{\"@type\":\"EntryPoint\",\"urlTemplate\":\"https:\\\/\\\/www.ataunturismoa.eus\\\/eu\\\/?s={search_term_string}\"},\"query-input\":{\"@type\":\"PropertyValueSpecification\",\"valueRequired\":true,\"valueName\":\"search_term_string\"}}],\"inLanguage\":\"ca\"}]}<\/script>\n<!-- \/ Yoast SEO plugin. -->","yoast_head_json":{"title":"Flora i fauna - Ataun Turismoa","robots":{"index":"index","follow":"follow","max-snippet":"max-snippet:-1","max-image-preview":"max-image-preview:large","max-video-preview":"max-video-preview:-1"},"canonical":"https:\/\/www.ataunturismoa.eus\/ca\/patrimoni\/patrimoni-natural\/flora-i-fauna\/","og_locale":"ca_ES","og_type":"article","og_title":"Flora i fauna - Ataun Turismoa","og_description":"Abunden les esp\u00e8cies de fauna i flora que es poden trobar en aquest relleu accidentat, replet de contrastos. Quant a la vegetaci\u00f3, les fagedes s\u00f3n els boscos amb major extensi\u00f3 en Ataun. Entre algunes zones del Dom, en la zona de Marumendi i en la zona que va de Lizarrusti a la muntanya Aitxu, s&#8217;arriba [&hellip;]","og_url":"https:\/\/www.ataunturismoa.eus\/ca\/patrimoni\/patrimoni-natural\/flora-i-fauna\/","og_site_name":"Ataun Turismoa","article_modified_time":"2024-01-05T08:24:04+00:00","og_image":[{"width":1200,"height":675,"url":"https:\/\/www.ataunturismoa.eus\/wp-content\/uploads\/2023\/08\/flora.jpeg","type":"image\/jpeg"}],"twitter_card":"summary_large_image","twitter_misc":{"Temps estimat de lectura":"3 minuts"},"schema":{"@context":"https:\/\/schema.org","@graph":[{"@type":"WebPage","@id":"https:\/\/www.ataunturismoa.eus\/ca\/patrimoni\/patrimoni-natural\/flora-i-fauna\/","url":"https:\/\/www.ataunturismoa.eus\/ca\/patrimoni\/patrimoni-natural\/flora-i-fauna\/","name":"Flora i fauna - Ataun Turismoa","isPartOf":{"@id":"https:\/\/www.ataunturismoa.eus\/eu\/#website"},"primaryImageOfPage":{"@id":"https:\/\/www.ataunturismoa.eus\/ca\/patrimoni\/patrimoni-natural\/flora-i-fauna\/#primaryimage"},"image":{"@id":"https:\/\/www.ataunturismoa.eus\/ca\/patrimoni\/patrimoni-natural\/flora-i-fauna\/#primaryimage"},"thumbnailUrl":"https:\/\/www.ataunturismoa.eus\/wp-content\/uploads\/2023\/08\/flora.jpeg","datePublished":"2024-01-05T08:24:03+00:00","dateModified":"2024-01-05T08:24:04+00:00","breadcrumb":{"@id":"https:\/\/www.ataunturismoa.eus\/ca\/patrimoni\/patrimoni-natural\/flora-i-fauna\/#breadcrumb"},"inLanguage":"ca","potentialAction":[{"@type":"ReadAction","target":["https:\/\/www.ataunturismoa.eus\/ca\/patrimoni\/patrimoni-natural\/flora-i-fauna\/"]}]},{"@type":"ImageObject","inLanguage":"ca","@id":"https:\/\/www.ataunturismoa.eus\/ca\/patrimoni\/patrimoni-natural\/flora-i-fauna\/#primaryimage","url":"https:\/\/www.ataunturismoa.eus\/wp-content\/uploads\/2023\/08\/flora.jpeg","contentUrl":"https:\/\/www.ataunturismoa.eus\/wp-content\/uploads\/2023\/08\/flora.jpeg","width":1200,"height":675},{"@type":"BreadcrumbList","@id":"https:\/\/www.ataunturismoa.eus\/ca\/patrimoni\/patrimoni-natural\/flora-i-fauna\/#breadcrumb","itemListElement":[{"@type":"ListItem","position":1,"name":"Inicio","item":"https:\/\/www.ataunturismoa.eus\/ca\/"},{"@type":"ListItem","position":2,"name":"Patrimoni hist\u00f2ric","item":"https:\/\/www.ataunturismoa.eus\/ca\/patrimoni\/"},{"@type":"ListItem","position":3,"name":"Patrimoni natural","item":"https:\/\/www.ataunturismoa.eus\/eu\/ondarea\/ondare-naturala\/"},{"@type":"ListItem","position":4,"name":"Flora i fauna"}]},{"@type":"WebSite","@id":"https:\/\/www.ataunturismoa.eus\/eu\/#website","url":"https:\/\/www.ataunturismoa.eus\/eu\/","name":"Ataun Turismoa","description":"","potentialAction":[{"@type":"SearchAction","target":{"@type":"EntryPoint","urlTemplate":"https:\/\/www.ataunturismoa.eus\/eu\/?s={search_term_string}"},"query-input":{"@type":"PropertyValueSpecification","valueRequired":true,"valueName":"search_term_string"}}],"inLanguage":"ca"}]}},"_links":{"self":[{"href":"https:\/\/www.ataunturismoa.eus\/ca\/wp-json\/wp\/v2\/pages\/5231","targetHints":{"allow":["GET"]}}],"collection":[{"href":"https:\/\/www.ataunturismoa.eus\/ca\/wp-json\/wp\/v2\/pages"}],"about":[{"href":"https:\/\/www.ataunturismoa.eus\/ca\/wp-json\/wp\/v2\/types\/page"}],"author":[{"embeddable":true,"href":"https:\/\/www.ataunturismoa.eus\/ca\/wp-json\/wp\/v2\/users\/5"}],"replies":[{"embeddable":true,"href":"https:\/\/www.ataunturismoa.eus\/ca\/wp-json\/wp\/v2\/comments?post=5231"}],"version-history":[{"count":1,"href":"https:\/\/www.ataunturismoa.eus\/ca\/wp-json\/wp\/v2\/pages\/5231\/revisions"}],"predecessor-version":[{"id":5232,"href":"https:\/\/www.ataunturismoa.eus\/ca\/wp-json\/wp\/v2\/pages\/5231\/revisions\/5232"}],"up":[{"embeddable":true,"href":"https:\/\/www.ataunturismoa.eus\/ca\/wp-json\/wp\/v2\/pages\/2049"}],"wp:featuredmedia":[{"embeddable":true,"href":"https:\/\/www.ataunturismoa.eus\/ca\/wp-json\/wp\/v2\/media\/3588"}],"wp:attachment":[{"href":"https:\/\/www.ataunturismoa.eus\/ca\/wp-json\/wp\/v2\/media?parent=5231"}],"curies":[{"name":"wp","href":"https:\/\/api.w.org\/{rel}","templated":true}]}}