{"id":2265,"date":"2020-03-30T15:37:44","date_gmt":"2020-03-30T13:37:44","guid":{"rendered":"https:\/\/www.ataunturismoa.eus\/leyenda\/javier-de-arratinea\/"},"modified":"2020-08-01T17:08:43","modified_gmt":"2020-08-01T15:08:43","slug":"javier-de-arratinea","status":"publish","type":"leyenda","link":"https:\/\/www.ataunturismoa.eus\/ca\/leyenda\/javier-de-arratinea\/","title":{"rendered":"Javier d&#8217;Arrati\u00f1ea"},"content":{"rendered":"<p><a href=\"https:\/\/www.ataunturismoa.eus\/wp-content\/uploads\/2019\/11\/arratinea-p.jpg\"><img loading=\"lazy\" decoding=\"async\" class=\"alignleft size-ataun_43_thumbnail wp-image-1631\" src=\"https:\/\/www.ataunturismoa.eus\/wp-content\/uploads\/2019\/11\/arratinea-p-160x120.jpg\" alt=\"\" width=\"160\" height=\"120\" \/><\/a><\/p>\n<p>Javier d&#8217;Arrati\u00f1ea, un jove vanit\u00f3s, va acudir una nit a Urretxu a passar una bona estona. En aquella \u00e8poca totes les noies de la zona s&#8217;ajuntaven en Urretxu per teixir.<\/p>\n<p>Despr\u00e9s de divertir-se al poble, Javier es va fer passar per capell\u00e0 i va donar una castanya cuita a cadascuna en forma de comuni\u00f3.<\/p>\n<p>Posteriorment va comen\u00e7ar a dir que s&#8217;anava a casa, i les noies no li volien deixar partir dient que havia com\u00e8s un gran pecat i que temien li pass\u00e9s alguna desgr\u00e0cia. Per\u00f2 Javier era molt vanit\u00f3s i va partir cap a casa.<\/p>\n<p>De tornada cap a Tellerietxe, en el bosc de Laioa va veure toros mitol\u00f2gics (zezengorris) que es dirigien cap a ell. Espantat, el noi va arrencar a c\u00f3rrer i va cridar a la porta de Tellerietxe. Va demanar un gos i va tornar al seu cam\u00ed temptant al gos amb una coca de blat de moro. Llavors se li va apar\u00e8ixer un toro mitol\u00f2gic de foc dirigint-se cap a ell per Laica. Per\u00f2 mentre el gos estigu\u00e9s al seu costat no li feia por.<\/p>\n<p>Per\u00f2 per quan va arribar al costat de Lauztiazpikoa, al punt on es pren la desviaci\u00f3 cap a Arrati\u00f1ea, la coca se li havia acabat i el gos va donar mitja volta per tornar cap a Tellerietxe. Llavors, els toros mitol\u00f2gics van apar\u00e8ixer de nou. Javier va c\u00f3rrer com mai ho havia fet abans, i va entrar al caseriu Arrati\u00f1ea pels p\u00e8ls.<\/p>\n<p>Aquesta nit les vaques del caseriu Arrati\u00f1ea no van tenir treva. Es van sentir rugits, sorolls de banyes i jous.<\/p>\n<p>&nbsp;<\/p>\n<p>&nbsp;<\/p>\n","protected":false},"template":"","class_list":["post-2265","leyenda","type-leyenda","status-publish","hentry"],"acf":[],"yoast_head":"<!-- This site is optimized with the Yoast SEO plugin v27.5 - https:\/\/yoast.com\/product\/yoast-seo-wordpress\/ -->\n<title>Javier d&#039;Arrati\u00f1ea - Ataun Turismoa<\/title>\n<meta name=\"robots\" content=\"index, follow, max-snippet:-1, max-image-preview:large, max-video-preview:-1\" \/>\n<link rel=\"canonical\" href=\"https:\/\/www.ataunturismoa.eus\/eu\/leyenda\/arratineako-jabier\/\" \/>\n<meta property=\"og:locale\" content=\"ca_ES\" \/>\n<meta property=\"og:type\" content=\"article\" \/>\n<meta property=\"og:title\" content=\"Javier d&#039;Arrati\u00f1ea - Ataun Turismoa\" \/>\n<meta property=\"og:description\" content=\"Javier d&#8217;Arrati\u00f1ea, un jove vanit\u00f3s, va acudir una nit a Urretxu a passar una bona estona. En aquella \u00e8poca totes les noies de la zona s&#8217;ajuntaven en Urretxu per teixir. Despr\u00e9s de divertir-se al poble, Javier es va fer passar per capell\u00e0 i va donar una castanya cuita a cadascuna en forma de comuni\u00f3. Posteriorment [&hellip;]\" \/>\n<meta property=\"og:url\" content=\"https:\/\/www.ataunturismoa.eus\/eu\/leyenda\/arratineako-jabier\/\" \/>\n<meta property=\"og:site_name\" content=\"Ataun Turismoa\" \/>\n<meta property=\"article:modified_time\" content=\"2020-08-01T15:08:43+00:00\" \/>\n<meta property=\"og:image\" content=\"https:\/\/www.ataunturismoa.eus\/wp-content\/uploads\/2019\/11\/arratinea-p-160x120.jpg\" \/>\n<meta name=\"twitter:card\" content=\"summary_large_image\" \/>\n<meta name=\"twitter:label1\" content=\"Temps estimat de lectura\" \/>\n\t<meta name=\"twitter:data1\" content=\"1 minut\" \/>\n<script type=\"application\/ld+json\" class=\"yoast-schema-graph\">{\"@context\":\"https:\\\/\\\/schema.org\",\"@graph\":[{\"@type\":\"WebPage\",\"@id\":\"https:\\\/\\\/www.ataunturismoa.eus\\\/eu\\\/leyenda\\\/arratineako-jabier\\\/\",\"url\":\"https:\\\/\\\/www.ataunturismoa.eus\\\/eu\\\/leyenda\\\/arratineako-jabier\\\/\",\"name\":\"Javier d'Arrati\u00f1ea - Ataun Turismoa\",\"isPartOf\":{\"@id\":\"https:\\\/\\\/www.ataunturismoa.eus\\\/eu\\\/#website\"},\"primaryImageOfPage\":{\"@id\":\"https:\\\/\\\/www.ataunturismoa.eus\\\/eu\\\/leyenda\\\/arratineako-jabier\\\/#primaryimage\"},\"image\":{\"@id\":\"https:\\\/\\\/www.ataunturismoa.eus\\\/eu\\\/leyenda\\\/arratineako-jabier\\\/#primaryimage\"},\"thumbnailUrl\":\"https:\\\/\\\/www.ataunturismoa.eus\\\/wp-content\\\/uploads\\\/2019\\\/11\\\/arratinea-p-160x120.jpg\",\"datePublished\":\"2020-03-30T13:37:44+00:00\",\"dateModified\":\"2020-08-01T15:08:43+00:00\",\"breadcrumb\":{\"@id\":\"https:\\\/\\\/www.ataunturismoa.eus\\\/eu\\\/leyenda\\\/arratineako-jabier\\\/#breadcrumb\"},\"inLanguage\":\"ca\",\"potentialAction\":[{\"@type\":\"ReadAction\",\"target\":[\"https:\\\/\\\/www.ataunturismoa.eus\\\/eu\\\/leyenda\\\/arratineako-jabier\\\/\"]}]},{\"@type\":\"ImageObject\",\"inLanguage\":\"ca\",\"@id\":\"https:\\\/\\\/www.ataunturismoa.eus\\\/eu\\\/leyenda\\\/arratineako-jabier\\\/#primaryimage\",\"url\":\"https:\\\/\\\/www.ataunturismoa.eus\\\/wp-content\\\/uploads\\\/2019\\\/11\\\/arratinea-p-160x120.jpg\",\"contentUrl\":\"https:\\\/\\\/www.ataunturismoa.eus\\\/wp-content\\\/uploads\\\/2019\\\/11\\\/arratinea-p-160x120.jpg\"},{\"@type\":\"BreadcrumbList\",\"@id\":\"https:\\\/\\\/www.ataunturismoa.eus\\\/eu\\\/leyenda\\\/arratineako-jabier\\\/#breadcrumb\",\"itemListElement\":[{\"@type\":\"ListItem\",\"position\":1,\"name\":\"Inicio\",\"item\":\"https:\\\/\\\/www.ataunturismoa.eus\\\/ca\\\/\"},{\"@type\":\"ListItem\",\"position\":2,\"name\":\"Mitoak eta kondairak\",\"item\":\"https:\\\/\\\/www.ataunturismoa.eus\\\/es\\\/leyenda\\\/\"},{\"@type\":\"ListItem\",\"position\":3,\"name\":\"Javier d&#8217;Arrati\u00f1ea\"}]},{\"@type\":\"WebSite\",\"@id\":\"https:\\\/\\\/www.ataunturismoa.eus\\\/eu\\\/#website\",\"url\":\"https:\\\/\\\/www.ataunturismoa.eus\\\/eu\\\/\",\"name\":\"Ataun Turismoa\",\"description\":\"\",\"potentialAction\":[{\"@type\":\"SearchAction\",\"target\":{\"@type\":\"EntryPoint\",\"urlTemplate\":\"https:\\\/\\\/www.ataunturismoa.eus\\\/eu\\\/?s={search_term_string}\"},\"query-input\":{\"@type\":\"PropertyValueSpecification\",\"valueRequired\":true,\"valueName\":\"search_term_string\"}}],\"inLanguage\":\"ca\"}]}<\/script>\n<!-- \/ Yoast SEO plugin. -->","yoast_head_json":{"title":"Javier d'Arrati\u00f1ea - Ataun Turismoa","robots":{"index":"index","follow":"follow","max-snippet":"max-snippet:-1","max-image-preview":"max-image-preview:large","max-video-preview":"max-video-preview:-1"},"canonical":"https:\/\/www.ataunturismoa.eus\/eu\/leyenda\/arratineako-jabier\/","og_locale":"ca_ES","og_type":"article","og_title":"Javier d'Arrati\u00f1ea - Ataun Turismoa","og_description":"Javier d&#8217;Arrati\u00f1ea, un jove vanit\u00f3s, va acudir una nit a Urretxu a passar una bona estona. En aquella \u00e8poca totes les noies de la zona s&#8217;ajuntaven en Urretxu per teixir. Despr\u00e9s de divertir-se al poble, Javier es va fer passar per capell\u00e0 i va donar una castanya cuita a cadascuna en forma de comuni\u00f3. Posteriorment [&hellip;]","og_url":"https:\/\/www.ataunturismoa.eus\/eu\/leyenda\/arratineako-jabier\/","og_site_name":"Ataun Turismoa","article_modified_time":"2020-08-01T15:08:43+00:00","og_image":[{"url":"https:\/\/www.ataunturismoa.eus\/wp-content\/uploads\/2019\/11\/arratinea-p-160x120.jpg","type":"","width":"","height":""}],"twitter_card":"summary_large_image","twitter_misc":{"Temps estimat de lectura":"1 minut"},"schema":{"@context":"https:\/\/schema.org","@graph":[{"@type":"WebPage","@id":"https:\/\/www.ataunturismoa.eus\/eu\/leyenda\/arratineako-jabier\/","url":"https:\/\/www.ataunturismoa.eus\/eu\/leyenda\/arratineako-jabier\/","name":"Javier d'Arrati\u00f1ea - Ataun Turismoa","isPartOf":{"@id":"https:\/\/www.ataunturismoa.eus\/eu\/#website"},"primaryImageOfPage":{"@id":"https:\/\/www.ataunturismoa.eus\/eu\/leyenda\/arratineako-jabier\/#primaryimage"},"image":{"@id":"https:\/\/www.ataunturismoa.eus\/eu\/leyenda\/arratineako-jabier\/#primaryimage"},"thumbnailUrl":"https:\/\/www.ataunturismoa.eus\/wp-content\/uploads\/2019\/11\/arratinea-p-160x120.jpg","datePublished":"2020-03-30T13:37:44+00:00","dateModified":"2020-08-01T15:08:43+00:00","breadcrumb":{"@id":"https:\/\/www.ataunturismoa.eus\/eu\/leyenda\/arratineako-jabier\/#breadcrumb"},"inLanguage":"ca","potentialAction":[{"@type":"ReadAction","target":["https:\/\/www.ataunturismoa.eus\/eu\/leyenda\/arratineako-jabier\/"]}]},{"@type":"ImageObject","inLanguage":"ca","@id":"https:\/\/www.ataunturismoa.eus\/eu\/leyenda\/arratineako-jabier\/#primaryimage","url":"https:\/\/www.ataunturismoa.eus\/wp-content\/uploads\/2019\/11\/arratinea-p-160x120.jpg","contentUrl":"https:\/\/www.ataunturismoa.eus\/wp-content\/uploads\/2019\/11\/arratinea-p-160x120.jpg"},{"@type":"BreadcrumbList","@id":"https:\/\/www.ataunturismoa.eus\/eu\/leyenda\/arratineako-jabier\/#breadcrumb","itemListElement":[{"@type":"ListItem","position":1,"name":"Inicio","item":"https:\/\/www.ataunturismoa.eus\/ca\/"},{"@type":"ListItem","position":2,"name":"Mitoak eta kondairak","item":"https:\/\/www.ataunturismoa.eus\/es\/leyenda\/"},{"@type":"ListItem","position":3,"name":"Javier d&#8217;Arrati\u00f1ea"}]},{"@type":"WebSite","@id":"https:\/\/www.ataunturismoa.eus\/eu\/#website","url":"https:\/\/www.ataunturismoa.eus\/eu\/","name":"Ataun Turismoa","description":"","potentialAction":[{"@type":"SearchAction","target":{"@type":"EntryPoint","urlTemplate":"https:\/\/www.ataunturismoa.eus\/eu\/?s={search_term_string}"},"query-input":{"@type":"PropertyValueSpecification","valueRequired":true,"valueName":"search_term_string"}}],"inLanguage":"ca"}]}},"_links":{"self":[{"href":"https:\/\/www.ataunturismoa.eus\/ca\/wp-json\/wp\/v2\/leyenda\/2265","targetHints":{"allow":["GET"]}}],"collection":[{"href":"https:\/\/www.ataunturismoa.eus\/ca\/wp-json\/wp\/v2\/leyenda"}],"about":[{"href":"https:\/\/www.ataunturismoa.eus\/ca\/wp-json\/wp\/v2\/types\/leyenda"}],"wp:attachment":[{"href":"https:\/\/www.ataunturismoa.eus\/ca\/wp-json\/wp\/v2\/media?parent=2265"}],"curies":[{"name":"wp","href":"https:\/\/api.w.org\/{rel}","templated":true}]}}